{"id":5087,"date":"2021-11-29T15:45:10","date_gmt":"2021-11-29T14:45:10","guid":{"rendered":"https:\/\/lyceefrancais.at\/deutsch-als-muttersprache\/"},"modified":"2025-04-01T14:20:15","modified_gmt":"2025-04-01T12:20:15","slug":"deutsch-als-muttersprache","status":"publish","type":"page","link":"https:\/\/lyceefrancais.at\/de\/deutsch-als-muttersprache\/","title":{"rendered":"Deutsch als Muttersprache"},"content":{"rendered":"<p><\/p><div class=\"fusion-fullwidth fullwidth-box fusion-builder-row-1 fusion-flex-container fusion-parallax-none nonhundred-percent-fullwidth non-hundred-percent-height-scrolling lazyload\" style=\"--awb-background-position:left center;--awb-border-radius-top-left:0px;--awb-border-radius-top-right:0px;--awb-border-radius-bottom-right:0px;--awb-border-radius-bottom-left:0px;--awb-padding-bottom:1px;--awb-margin-bottom:0px;--awb-background-size:cover;--awb-flex-wrap:wrap;\" data-bg=\"https:\/\/lyceefrancais.at\/wp-content\/uploads\/2021\/07\/LFV-start-scaled.jpg\"><div class=\"fusion-builder-row fusion-row fusion-flex-align-items-flex-start fusion-flex-content-wrap\" style=\"max-width:1200px;margin-left: calc(-0% \/ 2 );margin-right: calc(-0% \/ 2 );\"><div class=\"fusion-layout-column fusion_builder_column fusion-builder-column-0 fusion_builder_column_1_1 1_1 fusion-flex-column\" style=\"--awb-padding-bottom:300px;--awb-bg-position:center center;--awb-bg-size:cover;--awb-width-large:100%;--awb-margin-top-large:0px;--awb-spacing-right-large:0%;--awb-margin-bottom-large:0px;--awb-spacing-left-large:0%;--awb-width-medium:100%;--awb-order-medium:0;--awb-spacing-right-medium:0%;--awb-spacing-left-medium:0%;--awb-width-small:100%;--awb-order-small:0;--awb-spacing-right-small:0%;--awb-spacing-left-small:0%;\"><div class=\"fusion-column-wrapper fusion-column-has-shadow fusion-flex-justify-content-flex-start fusion-content-layout-column\"><\/div><\/div><\/div><\/div><div class=\"fusion-fullwidth fullwidth-box fusion-builder-row-2 fusion-flex-container nonhundred-percent-fullwidth non-hundred-percent-height-scrolling fusion-no-medium-visibility fusion-no-large-visibility\" style=\"--awb-border-radius-top-left:0px;--awb-border-radius-top-right:0px;--awb-border-radius-bottom-right:0px;--awb-border-radius-bottom-left:0px;--awb-padding-bottom-small:0px;--awb-margin-bottom-small:0px;--awb-flex-wrap:wrap;\"><div class=\"fusion-builder-row fusion-row fusion-flex-align-items-flex-start fusion-flex-content-wrap\" style=\"max-width:1200px;margin-left: calc(-0% \/ 2 );margin-right: calc(-0% \/ 2 );\"><div class=\"fusion-layout-column fusion_builder_column fusion-builder-column-1 fusion_builder_column_1_1 1_1 fusion-flex-column\" style=\"--awb-bg-size:cover;--awb-width-large:100%;--awb-margin-top-large:0px;--awb-spacing-right-large:0%;--awb-margin-bottom-large:0px;--awb-spacing-left-large:0%;--awb-width-medium:100%;--awb-order-medium:0;--awb-spacing-right-medium:0%;--awb-spacing-left-medium:0%;--awb-width-small:100%;--awb-order-small:0;--awb-spacing-right-small:0%;--awb-spacing-left-small:0%;\"><div class=\"fusion-column-wrapper fusion-column-has-shadow fusion-flex-justify-content-flex-start fusion-content-layout-column\"><div class=\"fusion-text fusion-text-1\" style=\"--awb-margin-top:35px;\"><h3 class=\"fusion-responsive-typography-calculated\" style=\"text-align: center; line-height: 1; --fontsize: 14; --fontSize: 14; --minFontSize: 14;\" data-fontsize=\"14\" data-lineheight=\"14px\"><font color=\"#840a23\" face=\"Crimson Text\" size=\"7\"><span style=\"caret-color: rgb(132, 10, 35); font-weight: normal; letter-spacing: normal;\">Deutschunterricht <\/span><\/font><\/h3>\n<h3 class=\"fusion-responsive-typography-calculated\" style=\"text-align: center; line-height: 1; --fontsize: 14; --fontSize: 14; --minFontSize: 14;\" data-fontsize=\"14\" data-lineheight=\"14px\"><font color=\"#840a23\" face=\"Crimson Text\" size=\"7\"><span style=\"caret-color: rgb(132, 10, 35); font-weight: normal; letter-spacing: normal;\">vom Kindergarten bis zur Oberstufe<\/span><\/font><\/h3>\n<\/div><div class=\"fusion-separator fusion-no-medium-visibility fusion-no-large-visibility\" style=\"align-self: center;margin-left: auto;margin-right: auto;margin-top:20px;margin-bottom:35px;width:100%;max-width:80px;\"><div class=\"fusion-separator-border sep-single sep-solid\" style=\"--awb-height:20px;--awb-amount:20px;border-color:#e0dede;border-top-width:2px;\"><\/div><\/div><\/div><\/div><\/div><\/div><div class=\"fusion-fullwidth fullwidth-box fusion-builder-row-3 fusion-flex-container has-pattern-background has-mask-background nonhundred-percent-fullwidth non-hundred-percent-height-scrolling fusion-no-medium-visibility fusion-no-large-visibility fusion-sticky-container\" style=\"--awb-border-radius-top-left:0px;--awb-border-radius-top-right:0px;--awb-border-radius-bottom-right:0px;--awb-border-radius-bottom-left:0px;--awb-padding-top:0px;--awb-padding-right:0px;--awb-padding-bottom:1px;--awb-padding-left:0px;--awb-background-color:#a9a8b4;--awb-flex-wrap:nowrap;--awb-flex-wrap-small:wrap;\" data-transition-offset=\"0\" data-sticky-offset=\".main-menu\" data-scroll-offset=\"0\" data-sticky-medium-visibility=\"1\" data-sticky-large-visibility=\"1\"><div class=\"fusion-builder-row fusion-row fusion-flex-align-items-center fusion-flex-justify-content-center fusion-flex-content-wrap\" style=\"max-width:calc( 1200px + );margin-left: calc(- \/ 2 );margin-right: calc(- \/ 2 );\"><div class=\"fusion-layout-column fusion_builder_column fusion-builder-column-2 fusion-flex-column\" style=\"--awb-bg-color:rgba(255,247,247,0);--awb-bg-color-hover:rgba(255,247,247,0);--awb-bg-size:cover;--awb-width-large:23%;--awb-margin-top-large:0px;--awb-spacing-right-large:;--awb-margin-bottom-large:0px;--awb-spacing-left-large:;--awb-width-medium:23%;--awb-order-medium:0;--awb-spacing-right-medium:;--awb-spacing-left-medium:;--awb-width-small:50%;--awb-order-small:0;--awb-spacing-right-small:;--awb-spacing-left-small:;\" data-scroll-devices=\"small-visibility,medium-visibility,large-visibility\"><div class=\"fusion-column-wrapper fusion-column-has-shadow fusion-flex-justify-content-flex-start fusion-content-layout-column\"><div style=\"text-align:center;\"><a class=\"fusion-button button-flat button-large button-custom fusion-button-default button-1 fusion-button-span-yes fusion-button-default-type\" style=\"--button_accent_color:#f7f7fa;--button_border_color:#a9a8b4;--button_accent_hover_color:#f7f7fa;--button_border_hover_color:#840a23;--button_border_width-top:0px;--button_border_width-right:0px;--button_border_width-bottom:0px;--button_border_width-left:0px;--button_gradient_top_color:#a9a8b4;--button_gradient_bottom_color:#a9a8b4;--button_gradient_top_color_hover:#840a23;--button_gradient_bottom_color_hover:#840a23;--button_margin-top:0px;--button_margin-right:0px;--button_margin-bottom:0px;--button_margin-left:0px;width:calc(100% - 0px - 0px);\" target=\"_self\" href=\"https:\/\/lyceefrancais.at\/maternelle\/\"><span class=\"fusion-button-text awb-button__text awb-button__text--default\">MATERNELLE<\/span><\/a><\/div><\/div><\/div><div class=\"fusion-layout-column fusion_builder_column fusion-builder-column-3 fusion-flex-column\" style=\"--awb-bg-color:rgba(255,247,247,0);--awb-bg-color-hover:rgba(255,247,247,0);--awb-bg-size:cover;--awb-width-large:22%;--awb-margin-top-large:0px;--awb-spacing-right-large:;--awb-margin-bottom-large:0px;--awb-spacing-left-large:;--awb-width-medium:22%;--awb-order-medium:0;--awb-spacing-right-medium:;--awb-spacing-left-medium:;--awb-width-small:50%;--awb-order-small:0;--awb-spacing-right-small:;--awb-spacing-left-small:;\"><div class=\"fusion-column-wrapper fusion-column-has-shadow fusion-flex-justify-content-flex-start fusion-content-layout-column\"><div style=\"text-align:center;\"><a class=\"fusion-button button-flat button-large button-custom fusion-button-default button-2 fusion-button-span-yes fusion-button-default-type\" style=\"--button_accent_color:#f7f7fa;--button_border_color:#a9a8b4;--button_accent_hover_color:#f7f7fa;--button_border_hover_color:#840a23;--button_border_width-top:0px;--button_border_width-right:0px;--button_border_width-bottom:0px;--button_border_width-left:0px;--button_gradient_top_color:#a9a8b4;--button_gradient_bottom_color:#a9a8b4;--button_gradient_top_color_hover:#840a23;--button_gradient_bottom_color_hover:#840a23;--button_margin-top:0px;--button_margin-right:0px;--button_margin-bottom:0px;--button_margin-left:0px;width:calc(100% - 0px - 0px);\" target=\"_self\" href=\"https:\/\/lyceefrancais.at\/elementaire\/\"><span class=\"fusion-button-text awb-button__text awb-button__text--default\">\u00c9L\u00c9MENTAIRE<\/span><\/a><\/div><\/div><\/div><div class=\"fusion-layout-column fusion_builder_column fusion-builder-column-4 fusion-flex-column\" style=\"--awb-bg-color:rgba(255,247,247,0);--awb-bg-color-hover:rgba(255,247,247,0);--awb-bg-size:cover;--awb-width-large:22%;--awb-margin-top-large:0px;--awb-spacing-right-large:;--awb-margin-bottom-large:0px;--awb-spacing-left-large:;--awb-width-medium:22%;--awb-order-medium:0;--awb-spacing-right-medium:;--awb-spacing-left-medium:;--awb-width-small:50%;--awb-order-small:0;--awb-spacing-right-small:;--awb-spacing-left-small:;\"><div class=\"fusion-column-wrapper fusion-column-has-shadow fusion-flex-justify-content-flex-start fusion-content-layout-column\"><div style=\"text-align:center;\"><a class=\"fusion-button button-flat button-large button-custom fusion-button-default button-3 fusion-button-span-yes fusion-button-default-type\" style=\"--button_accent_color:#f7f7fa;--button_border_color:#a9a8b4;--button_accent_hover_color:#f7f7fa;--button_border_hover_color:#840a23;--button_border_width-top:0px;--button_border_width-right:0px;--button_border_width-bottom:0px;--button_border_width-left:0px;--button_gradient_top_color:#a9a8b4;--button_gradient_bottom_color:#a9a8b4;--button_gradient_top_color_hover:#840a23;--button_gradient_bottom_color_hover:#840a23;--button_margin-top:0px;--button_margin-right:0px;--button_margin-bottom:0px;--button_margin-left:0px;width:calc(100% - 0px - 0px);\" target=\"_self\" href=\"https:\/\/lyceefrancais.at\/college\/\"><span class=\"fusion-button-text awb-button__text awb-button__text--default\">COLL\u00c8GE<\/span><\/a><\/div><\/div><\/div><div class=\"fusion-layout-column fusion_builder_column fusion-builder-column-5 fusion-flex-column\" style=\"--awb-bg-color:rgba(255,247,247,0);--awb-bg-color-hover:rgba(255,247,247,0);--awb-bg-size:cover;--awb-width-large:23%;--awb-margin-top-large:0px;--awb-spacing-right-large:;--awb-margin-bottom-large:0px;--awb-spacing-left-large:;--awb-width-medium:23%;--awb-order-medium:0;--awb-spacing-right-medium:;--awb-spacing-left-medium:;--awb-width-small:50%;--awb-order-small:0;--awb-spacing-right-small:;--awb-spacing-left-small:;\"><div class=\"fusion-column-wrapper fusion-column-has-shadow fusion-flex-justify-content-flex-start fusion-content-layout-column\"><div style=\"text-align:center;\"><a class=\"fusion-button button-flat button-large button-custom fusion-button-default button-4 fusion-button-span-yes fusion-button-default-type\" style=\"--button_accent_color:#f7f7fa;--button_border_color:#a9a8b4;--button_accent_hover_color:#f7f7fa;--button_border_hover_color:#840a23;--button_border_width-top:0px;--button_border_width-right:0px;--button_border_width-bottom:0px;--button_border_width-left:0px;--button_gradient_top_color:#a9a8b4;--button_gradient_bottom_color:#a9a8b4;--button_gradient_top_color_hover:#840a23;--button_gradient_bottom_color_hover:#840a23;--button_margin-top:0px;--button_margin-right:0px;--button_margin-bottom:0px;--button_margin-left:0px;width:calc(100% - 0px - 0px);\" target=\"_self\" href=\"https:\/\/lyceefrancais.at\/lycee\/\"><span class=\"fusion-button-text awb-button__text awb-button__text--default\">LYC\u00c9E<\/span><\/a><\/div><\/div><\/div><\/div><\/div>\n<div class=\"fusion-fullwidth fullwidth-box fusion-builder-row-4 fusion-flex-container nonhundred-percent-fullwidth non-hundred-percent-height-scrolling\" style=\"--awb-border-radius-top-left:0px;--awb-border-radius-top-right:0px;--awb-border-radius-bottom-right:0px;--awb-border-radius-bottom-left:0px;--awb-padding-top:25px;--awb-padding-right:35px;--awb-padding-bottom:25px;--awb-padding-left:35px;--awb-padding-right-small:25px;--awb-flex-wrap:wrap;\"><div class=\"fusion-builder-row fusion-row fusion-flex-align-items-flex-start fusion-flex-justify-content-flex-end fusion-flex-content-wrap\" style=\"max-width:1200px;margin-left: calc(-0% \/ 2 );margin-right: calc(-0% \/ 2 );\"><div class=\"fusion-layout-column fusion_builder_column fusion-builder-column-6 fusion_builder_column_1_3 1_3 fusion-flex-column\" style=\"--awb-padding-top:50px;--awb-padding-right:70px;--awb-padding-top-small:0px;--awb-bg-size:cover;--awb-width-large:33.333333333333%;--awb-margin-top-large:0px;--awb-spacing-right-large:0%;--awb-margin-bottom-large:0px;--awb-spacing-left-large:0%;--awb-width-medium:33.333333333333%;--awb-order-medium:0;--awb-spacing-right-medium:0%;--awb-spacing-left-medium:0%;--awb-width-small:100%;--awb-order-small:0;--awb-spacing-right-small:0%;--awb-spacing-left-small:0%;\"><div class=\"fusion-column-wrapper fusion-column-has-shadow fusion-flex-justify-content-flex-start fusion-content-layout-column\"><nav class=\"awb-menu awb-menu_column awb-menu_em-hover mobile-mode-always-expanded awb-menu_icons-left awb-menu_dc-yes mobile-trigger-fullwidth-off awb-menu_mobile-toggle awb-menu_indent-left loading mega-menu-loading awb-menu_desktop awb-menu_dropdown awb-menu_expand-right awb-menu_transition-fade\" style=\"--awb-font-size:14px;--awb-margin-top:0px;--awb-margin-bottom:7px;--awb-text-transform:uppercase;--awb-bg:#f7f7fa;--awb-justify-content:space-around;--awb-items-padding-top:12px;--awb-items-padding-right:0px;--awb-items-padding-bottom:12px;--awb-color:#66656a;--awb-active-color:#840a23;--awb-active-bg:#faf4f3;--awb-submenu-color:#f7f7fa;--awb-submenu-bg:#c7c4ca;--awb-submenu-sep-color:#f7f7fa;--awb-submenu-items-padding-top:7px;--awb-submenu-items-padding-right:75px;--awb-submenu-items-padding-bottom:7px;--awb-submenu-items-padding-left:75px;--awb-submenu-active-bg:#faf4f3;--awb-submenu-active-color:#840a23;--awb-submenu-font-size:14px;--awb-submenu-text-transform:uppercase;--awb-icons-size:10;--awb-icons-color:#f7f7fa;--awb-icons-hover-color:#66656a;--awb-main-justify-content:center;--awb-mobile-bg:#f7f7fa;--awb-mobile-active-color:#840a23;--awb-justify-title:flex-start;--awb-mobile-justify:flex-start;--awb-mobile-caret-left:auto;--awb-mobile-caret-right:0;--awb-fusion-font-family-typography:&quot;DM Sans&quot;;--awb-fusion-font-style-typography:normal;--awb-fusion-font-weight-typography:500;--awb-fusion-font-family-submenu-typography:&quot;DM Sans&quot;;--awb-fusion-font-style-submenu-typography:normal;--awb-fusion-font-weight-submenu-typography:500;--awb-fusion-font-family-mobile-typography:&quot;DM Sans&quot;;--awb-fusion-font-style-mobile-typography:normal;--awb-fusion-font-weight-mobile-typography:500;\" aria-label=\"Dropdown Seitenleiste\" data-breakpoint=\"900\" data-count=\"0\" data-transition-type=\"fade\" data-transition-time=\"300\" data-expand=\"right\"><button type=\"button\" class=\"awb-menu__m-toggle awb-menu__m-toggle_no-text\" aria-expanded=\"false\" aria-controls=\"menu-dropdown-seitenleiste\"><span class=\"awb-menu__m-toggle-inner\"><span class=\"collapsed-nav-text\"><span class=\"screen-reader-text\">Toggle Navigation<\/span><\/span><span class=\"awb-menu__m-collapse-icon awb-menu__m-collapse-icon_no-text\"><span class=\"awb-menu__m-collapse-icon-open awb-menu__m-collapse-icon-open_no-text fa-bars fas\"><\/span><span class=\"awb-menu__m-collapse-icon-close awb-menu__m-collapse-icon-close_no-text fa-times fas\"><\/span><\/span><\/span><\/button><ul id=\"menu-dropdown-seitenleiste-allemand\" class=\"fusion-menu awb-menu__main-ul awb-menu__main-ul_column\"><li id=\"menu-item-5659\" class=\"menu-item menu-item-type-post_type menu-item-object-page menu-item-has-children menu-item-5659 awb-menu__li awb-menu__main-li awb-menu__main-li_regular\" data-item-id=\"5659\"><span class=\"awb-menu__main-background-default awb-menu__main-background-default_fade\"><\/span><span class=\"awb-menu__main-background-active awb-menu__main-background-active_fade\"><\/span><a href=\"https:\/\/lyceefrancais.at\/de\/maternelle-kindergarten\/\" class=\"awb-menu__main-a awb-menu__main-a_regular\"><span class=\"menu-text\">Mater\u00adnelle \/ Kindergarten<\/span><span class=\"awb-menu__open-nav-submenu-hover\"><\/span><\/a><button type=\"button\" aria-label=\"Open submenu of Maternelle \/ Kindergarten\" aria-expanded=\"false\" class=\"awb-menu__open-nav-submenu_mobile awb-menu__open-nav-submenu_main\"><\/button><ul class=\"awb-menu__sub-ul awb-menu__sub-ul_main\"><li id=\"menu-item-7205\" class=\"menu-item menu-item-type-post_type menu-item-object-page menu-item-7205 awb-menu__li awb-menu__sub-li\"><a href=\"https:\/\/lyceefrancais.at\/de\/maternelle-kindergarten\/\" class=\"awb-menu__sub-a\"><span>Mater\u00adnelle \/ Kindergarten<\/span><\/a><\/li><li id=\"menu-item-5660\" class=\"menu-item menu-item-type-post_type menu-item-object-page menu-item-5660 awb-menu__li awb-menu__sub-li\"><a href=\"https:\/\/lyceefrancais.at\/de\/elementaire-volskschule\/\" class=\"awb-menu__sub-a\"><span>\u00c9l\u00e9\u00admen\u00adtaire \/ Volskschule<\/span><\/a><\/li><li id=\"menu-item-5661\" class=\"menu-item menu-item-type-post_type menu-item-object-page menu-item-5661 awb-menu__li awb-menu__sub-li\"><a href=\"https:\/\/lyceefrancais.at\/de\/college-gymnasium-unterstufe\/\" class=\"awb-menu__sub-a\"><span>Col\u00adl\u00e8ge \/ Gym\u00adna\u00adsi\u00adum Unterstufe<\/span><\/a><\/li><li id=\"menu-item-7206\" class=\"menu-item menu-item-type-post_type menu-item-object-page menu-item-7206 awb-menu__li awb-menu__sub-li\"><a href=\"https:\/\/lyceefrancais.at\/de\/lycee-gymnasium-oberstufe\/\" class=\"awb-menu__sub-a\"><span>Lyc\u00e9e \/ Gym\u00adna\u00adsi\u00adum Oberstufe<\/span><\/a><\/li><\/ul><\/li><\/ul><\/nav><nav class=\"awb-menu awb-menu_column awb-menu_em-hover mobile-mode-always-expanded awb-menu_icons-left awb-menu_dc-yes mobile-trigger-fullwidth-off awb-menu_mobile-toggle awb-menu_indent-left loading mega-menu-loading awb-menu_desktop awb-menu_dropdown awb-menu_expand-right awb-menu_transition-fade\" style=\"--awb-font-size:14px;--awb-margin-top:0px;--awb-margin-bottom:7px;--awb-text-transform:uppercase;--awb-bg:#f7f7fa;--awb-justify-content:space-around;--awb-items-padding-top:12px;--awb-items-padding-right:0px;--awb-items-padding-bottom:12px;--awb-color:#66656a;--awb-active-color:#840a23;--awb-active-bg:#faf4f3;--awb-submenu-color:#f7f7fa;--awb-submenu-bg:#c7c4ca;--awb-submenu-sep-color:#ffffff;--awb-submenu-items-padding-top:7px;--awb-submenu-items-padding-right:75px;--awb-submenu-items-padding-bottom:7px;--awb-submenu-items-padding-left:75px;--awb-submenu-active-bg:#faf4f3;--awb-submenu-active-color:#66656a;--awb-submenu-font-size:14px;--awb-submenu-text-transform:uppercase;--awb-icons-size:10;--awb-icons-color:#f7f7fa;--awb-icons-hover-color:#66656a;--awb-main-justify-content:center;--awb-mobile-bg:#f7f7fa;--awb-mobile-active-color:#840a23;--awb-justify-title:flex-start;--awb-mobile-justify:flex-start;--awb-mobile-caret-left:auto;--awb-mobile-caret-right:0;--awb-fusion-font-family-typography:&quot;DM Sans&quot;;--awb-fusion-font-style-typography:normal;--awb-fusion-font-weight-typography:500;--awb-fusion-font-family-submenu-typography:&quot;DM Sans&quot;;--awb-fusion-font-style-submenu-typography:normal;--awb-fusion-font-weight-submenu-typography:500;--awb-fusion-font-family-mobile-typography:&quot;DM Sans&quot;;--awb-fusion-font-style-mobile-typography:normal;--awb-fusion-font-weight-mobile-typography:500;\" aria-label=\"Langues\" data-breakpoint=\"900\" data-count=\"1\" data-transition-type=\"fade\" data-transition-time=\"300\" data-expand=\"right\"><button type=\"button\" class=\"awb-menu__m-toggle awb-menu__m-toggle_no-text\" aria-expanded=\"false\" aria-controls=\"menu-langues\"><span class=\"awb-menu__m-toggle-inner\"><span class=\"collapsed-nav-text\"><span class=\"screen-reader-text\">Toggle Navigation<\/span><\/span><span class=\"awb-menu__m-collapse-icon awb-menu__m-collapse-icon_no-text\"><span class=\"awb-menu__m-collapse-icon-open awb-menu__m-collapse-icon-open_no-text fa-bars fas\"><\/span><span class=\"awb-menu__m-collapse-icon-close awb-menu__m-collapse-icon-close_no-text fa-times fas\"><\/span><\/span><\/span><\/button><ul id=\"menu-sprachen\" class=\"fusion-menu awb-menu__main-ul awb-menu__main-ul_column\"><li id=\"menu-item-5114\" class=\"menu-item menu-item-type-post_type menu-item-object-page menu-item-has-children menu-item-5114 awb-menu__li awb-menu__main-li awb-menu__main-li_regular\" data-item-id=\"5114\"><span class=\"awb-menu__main-background-default awb-menu__main-background-default_fade\"><\/span><span class=\"awb-menu__main-background-active awb-menu__main-background-active_fade\"><\/span><a href=\"https:\/\/lyceefrancais.at\/de\/sprachen\/\" class=\"awb-menu__main-a awb-menu__main-a_regular\"><span class=\"menu-text\">Sprachen<\/span><span class=\"awb-menu__open-nav-submenu-hover\"><\/span><\/a><button type=\"button\" aria-label=\"Open submenu of Sprachen\" aria-expanded=\"false\" class=\"awb-menu__open-nav-submenu_mobile awb-menu__open-nav-submenu_main\"><\/button><ul class=\"awb-menu__sub-ul awb-menu__sub-ul_main\"><li id=\"menu-item-7207\" class=\"menu-item menu-item-type-post_type menu-item-object-page menu-item-7207 awb-menu__li awb-menu__sub-li\"><a href=\"https:\/\/lyceefrancais.at\/de\/aufnahme-von-nicht-frankophonen-kindern\/\" class=\"awb-menu__sub-a\"><span>Auf\u00adnahme von nicht franko\u00adpho\u00adnen Kindern<\/span><\/a><\/li><li id=\"menu-item-7208\" class=\"menu-item menu-item-type-post_type menu-item-object-page menu-item-7208 awb-menu__li awb-menu__sub-li\"><a href=\"https:\/\/lyceefrancais.at\/de\/deutsch-als-muttersprache\/\" class=\"awb-menu__sub-a\"><span>Deutsch als Muttersprache<\/span><\/a><\/li><li id=\"menu-item-5662\" class=\"menu-item menu-item-type-post_type menu-item-object-page menu-item-5662 awb-menu__li awb-menu__sub-li\"><a href=\"https:\/\/lyceefrancais.at\/de\/sprachzertifizierungen\/\" class=\"awb-menu__sub-a\"><span>Sprachz\u00ader\u00adti\u00adfizierun\u00adgen<\/span><\/a><\/li><\/ul><\/li><\/ul><\/nav><nav class=\"awb-menu awb-menu_column awb-menu_em-hover mobile-mode-always-expanded awb-menu_icons-left awb-menu_dc-yes mobile-trigger-fullwidth-off awb-menu_mobile-toggle awb-menu_indent-left loading mega-menu-loading awb-menu_desktop awb-menu_dropdown awb-menu_expand-right awb-menu_transition-fade\" style=\"--awb-font-size:14px;--awb-margin-top:0px;--awb-margin-bottom:7px;--awb-text-transform:uppercase;--awb-bg:#f7f7fa;--awb-justify-content:space-around;--awb-items-padding-top:12px;--awb-items-padding-right:0px;--awb-items-padding-bottom:12px;--awb-color:#66656a;--awb-active-color:#840a23;--awb-active-bg:#faf4f3;--awb-submenu-color:#f7f7fa;--awb-submenu-bg:#c7c4ca;--awb-submenu-sep-color:#ffffff;--awb-submenu-items-padding-top:7px;--awb-submenu-items-padding-right:75px;--awb-submenu-items-padding-bottom:7px;--awb-submenu-items-padding-left:75px;--awb-submenu-active-bg:#faf4f3;--awb-submenu-active-color:#840a23;--awb-submenu-font-size:14px;--awb-submenu-text-transform:uppercase;--awb-icons-size:10;--awb-icons-color:#f7f7fa;--awb-icons-hover-color:#66656a;--awb-main-justify-content:center;--awb-mobile-bg:#f7f7fa;--awb-mobile-color:#66656a;--awb-mobile-active-color:#840a23;--awb-justify-title:flex-start;--awb-mobile-justify:flex-start;--awb-mobile-caret-left:auto;--awb-mobile-caret-right:0;--awb-fusion-font-family-typography:&quot;DM Sans&quot;;--awb-fusion-font-style-typography:normal;--awb-fusion-font-weight-typography:500;--awb-fusion-font-family-submenu-typography:&quot;DM Sans&quot;;--awb-fusion-font-style-submenu-typography:normal;--awb-fusion-font-weight-submenu-typography:500;--awb-fusion-font-family-mobile-typography:&quot;DM Sans&quot;;--awb-fusion-font-style-mobile-typography:normal;--awb-fusion-font-weight-mobile-typography:500;\" aria-label=\"ecole inclusive\" data-breakpoint=\"900\" data-count=\"2\" data-transition-type=\"fade\" data-transition-time=\"300\" data-expand=\"right\"><button type=\"button\" class=\"awb-menu__m-toggle awb-menu__m-toggle_no-text\" aria-expanded=\"false\" aria-controls=\"menu-ecole-inclusive\"><span class=\"awb-menu__m-toggle-inner\"><span class=\"collapsed-nav-text\"><span class=\"screen-reader-text\">Toggle Navigation<\/span><\/span><span class=\"awb-menu__m-collapse-icon awb-menu__m-collapse-icon_no-text\"><span class=\"awb-menu__m-collapse-icon-open awb-menu__m-collapse-icon-open_no-text fa-bars fas\"><\/span><span class=\"awb-menu__m-collapse-icon-close awb-menu__m-collapse-icon-close_no-text fa-times fas\"><\/span><\/span><\/span><\/button><ul id=\"menu-ecole-inclusive-allemand\" class=\"fusion-menu awb-menu__main-ul awb-menu__main-ul_column\"><li id=\"menu-item-5667\" class=\"menu-item menu-item-type-post_type menu-item-object-page menu-item-has-children menu-item-5667 awb-menu__li awb-menu__main-li awb-menu__main-li_regular\" data-item-id=\"5667\"><span class=\"awb-menu__main-background-default awb-menu__main-background-default_fade\"><\/span><span class=\"awb-menu__main-background-active awb-menu__main-background-active_fade\"><\/span><a href=\"https:\/\/lyceefrancais.at\/de\/inklusive-schule\/\" class=\"awb-menu__main-a awb-menu__main-a_regular\"><span class=\"menu-text\">Inklu\u00adsive Schule<\/span><span class=\"awb-menu__open-nav-submenu-hover\"><\/span><\/a><button type=\"button\" aria-label=\"Open submenu of Inklusive Schule\" aria-expanded=\"false\" class=\"awb-menu__open-nav-submenu_mobile awb-menu__open-nav-submenu_main\"><\/button><ul class=\"awb-menu__sub-ul awb-menu__sub-ul_main\"><li id=\"menu-item-5668\" class=\"menu-item menu-item-type-post_type menu-item-object-page menu-item-5668 awb-menu__li awb-menu__sub-li\"><a href=\"https:\/\/lyceefrancais.at\/de\/inklusive-schule\/\" class=\"awb-menu__sub-a\"><span>Inklu\u00adsive Schule<\/span><\/a><\/li><li id=\"menu-item-7210\" class=\"menu-item menu-item-type-post_type menu-item-object-page menu-item-7210 awb-menu__li awb-menu__sub-li\"><a href=\"https:\/\/lyceefrancais.at\/de\/beratung\/\" class=\"awb-menu__sub-a\"><span>Beratung<\/span><\/a><\/li><li id=\"menu-item-5669\" class=\"menu-item menu-item-type-post_type menu-item-object-page menu-item-5669 awb-menu__li awb-menu__sub-li\"><a href=\"https:\/\/lyceefrancais.at\/de\/hilfeprogramm\/\" class=\"awb-menu__sub-a\"><span>Hil\u00adfe\u00adpro\u00adgramm<\/span><\/a><\/li><li id=\"menu-item-5670\" class=\"menu-item menu-item-type-post_type menu-item-object-page menu-item-5670 awb-menu__li awb-menu__sub-li\"><a href=\"https:\/\/lyceefrancais.at\/de\/sonderpaedagogischer-foerderbedarf-faq\/\" class=\"awb-menu__sub-a\"><span>Son\u00adder\u00adp\u00e4d\u00ada\u00adgogis\u00adch\u00ader F\u00f6rderbe\u00addarf \u2014&nbsp;FAQ<\/span><\/a><\/li><\/ul><\/li><\/ul><\/nav><nav class=\"awb-menu awb-menu_column awb-menu_em-hover mobile-mode-always-expanded awb-menu_icons-left awb-menu_dc-yes mobile-trigger-fullwidth-off awb-menu_mobile-toggle awb-menu_indent-left loading mega-menu-loading awb-menu_desktop awb-menu_dropdown awb-menu_expand-right awb-menu_transition-fade\" style=\"--awb-font-size:14px;--awb-margin-top:0px;--awb-margin-bottom:7px;--awb-text-transform:uppercase;--awb-bg:#f7f7fa;--awb-justify-content:space-around;--awb-items-padding-top:12px;--awb-items-padding-right:0px;--awb-items-padding-bottom:12px;--awb-color:#66656a;--awb-active-color:#840a23;--awb-active-bg:#faf4f3;--awb-submenu-color:#f7f7fa;--awb-submenu-bg:#c7c4ca;--awb-submenu-sep-color:#ffffff;--awb-submenu-items-padding-top:7px;--awb-submenu-items-padding-right:75px;--awb-submenu-items-padding-bottom:7px;--awb-submenu-items-padding-left:75px;--awb-submenu-active-bg:#faf4f3;--awb-submenu-active-color:#66656a;--awb-submenu-font-size:14px;--awb-submenu-text-transform:uppercase;--awb-icons-size:10;--awb-icons-color:#f7f7fa;--awb-icons-hover-color:#66656a;--awb-main-justify-content:center;--awb-mobile-bg:#f7f7fa;--awb-mobile-active-color:#840a23;--awb-justify-title:flex-start;--awb-mobile-justify:flex-start;--awb-mobile-caret-left:auto;--awb-mobile-caret-right:0;--awb-fusion-font-family-typography:&quot;DM Sans&quot;;--awb-fusion-font-style-typography:normal;--awb-fusion-font-weight-typography:500;--awb-fusion-font-family-submenu-typography:&quot;DM Sans&quot;;--awb-fusion-font-style-submenu-typography:normal;--awb-fusion-font-weight-submenu-typography:500;--awb-fusion-font-family-mobile-typography:&quot;DM Sans&quot;;--awb-fusion-font-style-mobile-typography:normal;--awb-fusion-font-weight-mobile-typography:500;\" aria-label=\"Orientation\" data-breakpoint=\"900\" data-count=\"3\" data-transition-type=\"fade\" data-transition-time=\"300\" data-expand=\"right\"><button type=\"button\" class=\"awb-menu__m-toggle awb-menu__m-toggle_no-text\" aria-expanded=\"false\" aria-controls=\"menu-orientation\"><span class=\"awb-menu__m-toggle-inner\"><span class=\"collapsed-nav-text\"><span class=\"screen-reader-text\">Toggle Navigation<\/span><\/span><span class=\"awb-menu__m-collapse-icon awb-menu__m-collapse-icon_no-text\"><span class=\"awb-menu__m-collapse-icon-open awb-menu__m-collapse-icon-open_no-text fa-bars fas\"><\/span><span class=\"awb-menu__m-collapse-icon-close awb-menu__m-collapse-icon-close_no-text fa-times fas\"><\/span><\/span><\/span><\/button><ul id=\"menu-orientation-allemand\" class=\"fusion-menu awb-menu__main-ul awb-menu__main-ul_column\"><li id=\"menu-item-5677\" class=\"menu-item menu-item-type-post_type menu-item-object-page menu-item-has-children menu-item-5677 awb-menu__li awb-menu__main-li awb-menu__main-li_regular\" data-item-id=\"5677\"><span class=\"awb-menu__main-background-default awb-menu__main-background-default_fade\"><\/span><span class=\"awb-menu__main-background-active awb-menu__main-background-active_fade\"><\/span><a href=\"https:\/\/lyceefrancais.at\/de\/bildungsberatung-das-team\/\" class=\"awb-menu__main-a awb-menu__main-a_regular\"><span class=\"menu-text\">Bil\u00addungs\u00adber\u00adatung \u2014 Das&nbsp;Team<\/span><span class=\"awb-menu__open-nav-submenu-hover\"><\/span><\/a><button type=\"button\" aria-label=\"Open submenu of Bildungsberatung \u2014 Das&nbsp;Team\" aria-expanded=\"false\" class=\"awb-menu__open-nav-submenu_mobile awb-menu__open-nav-submenu_main\"><\/button><ul class=\"awb-menu__sub-ul awb-menu__sub-ul_main\"><li id=\"menu-item-5678\" class=\"menu-item menu-item-type-post_type menu-item-object-page menu-item-5678 awb-menu__li awb-menu__sub-li\"><a href=\"https:\/\/lyceefrancais.at\/de\/bildungsberatung-das-team\/\" class=\"awb-menu__sub-a\"><span>Bil\u00addungs\u00adber\u00adatung \u2014 Das&nbsp;Team<\/span><\/a><\/li><li id=\"menu-item-5679\" class=\"menu-item menu-item-type-post_type menu-item-object-page menu-item-5679 awb-menu__li awb-menu__sub-li\"><a href=\"https:\/\/lyceefrancais.at\/de\/bildungsberatung-events\/\" class=\"awb-menu__sub-a\"><span>Bil\u00addungs\u00adber\u00adatung \u2014 Events<\/span><\/a><\/li><li id=\"menu-item-5680\" class=\"menu-item menu-item-type-post_type menu-item-object-page menu-item-5680 awb-menu__li awb-menu__sub-li\"><a href=\"https:\/\/lyceefrancais.at\/de\/in-frankreich-studieren\/\" class=\"awb-menu__sub-a\"><span>In Frankre\u00adich studieren<\/span><\/a><\/li><li id=\"menu-item-5681\" class=\"menu-item menu-item-type-post_type menu-item-object-page menu-item-5681 awb-menu__li awb-menu__sub-li\"><a href=\"https:\/\/lyceefrancais.at\/de\/in-oesterreich-studieren\/\" class=\"awb-menu__sub-a\"><span>In \u00f6ster\u00adre\u00adich studieren<\/span><\/a><\/li><li id=\"menu-item-5682\" class=\"menu-item menu-item-type-post_type menu-item-object-page menu-item-5682 awb-menu__li awb-menu__sub-li\"><a href=\"https:\/\/lyceefrancais.at\/de\/im-ausland-studieren\/\" class=\"awb-menu__sub-a\"><span>Im Aus\u00adland studieren<\/span><\/a><\/li><\/ul><\/li><\/ul><\/nav><nav class=\"awb-menu awb-menu_column awb-menu_em-hover mobile-mode-always-expanded awb-menu_icons-left awb-menu_dc-yes mobile-trigger-fullwidth-off awb-menu_mobile-toggle awb-menu_indent-left loading mega-menu-loading awb-menu_desktop awb-menu_dropdown awb-menu_expand-right awb-menu_transition-fade\" style=\"--awb-font-size:14px;--awb-margin-top:0px;--awb-margin-bottom:7px;--awb-text-transform:uppercase;--awb-bg:#f7f7fa;--awb-justify-content:space-around;--awb-items-padding-top:12px;--awb-items-padding-right:0px;--awb-items-padding-bottom:12px;--awb-color:#66656a;--awb-active-color:#840a23;--awb-active-bg:#faf4f3;--awb-submenu-color:#f7f7fa;--awb-submenu-bg:#c7c4ca;--awb-submenu-sep-color:#ffffff;--awb-submenu-items-padding-top:7px;--awb-submenu-items-padding-right:75px;--awb-submenu-items-padding-bottom:7px;--awb-submenu-items-padding-left:75px;--awb-submenu-active-bg:#faf4f3;--awb-submenu-active-color:#66656a;--awb-submenu-font-size:14px;--awb-submenu-text-transform:uppercase;--awb-icons-size:10;--awb-icons-color:#f7f7fa;--awb-icons-hover-color:#66656a;--awb-main-justify-content:center;--awb-mobile-bg:#f7f7fa;--awb-mobile-active-color:#840a23;--awb-justify-title:flex-start;--awb-mobile-justify:flex-start;--awb-mobile-caret-left:auto;--awb-mobile-caret-right:0;--awb-fusion-font-family-typography:&quot;DM Sans&quot;;--awb-fusion-font-style-typography:normal;--awb-fusion-font-weight-typography:500;--awb-fusion-font-family-submenu-typography:&quot;DM Sans&quot;;--awb-fusion-font-style-submenu-typography:normal;--awb-fusion-font-weight-submenu-typography:500;--awb-fusion-font-family-mobile-typography:&quot;DM Sans&quot;;--awb-fusion-font-style-mobile-typography:normal;--awb-fusion-font-weight-mobile-typography:500;\" aria-label=\"Menu\" data-breakpoint=\"900\" data-count=\"4\" data-transition-type=\"fade\" data-transition-time=\"300\" data-expand=\"right\"><button type=\"button\" class=\"awb-menu__m-toggle awb-menu__m-toggle_no-text\" aria-expanded=\"false\" aria-controls=\"menu-projets-aefe\"><span class=\"awb-menu__m-toggle-inner\"><span class=\"collapsed-nav-text\"><span class=\"screen-reader-text\">Toggle Navigation<\/span><\/span><span class=\"awb-menu__m-collapse-icon awb-menu__m-collapse-icon_no-text\"><span class=\"awb-menu__m-collapse-icon-open awb-menu__m-collapse-icon-open_no-text fa-bars fas\"><\/span><span class=\"awb-menu__m-collapse-icon-close awb-menu__m-collapse-icon-close_no-text fa-times fas\"><\/span><\/span><\/span><\/button><ul id=\"menu-main-navigation\" class=\"fusion-menu awb-menu__main-ul awb-menu__main-ul_column\"><li id=\"menu-item-7492\" class=\"menu-item menu-item-type-post_type menu-item-object-page menu-item-has-children menu-item-7492 awb-menu__li awb-menu__main-li awb-menu__main-li_regular\" data-item-id=\"7492\"><span class=\"awb-menu__main-background-default awb-menu__main-background-default_fade\"><\/span><span class=\"awb-menu__main-background-active awb-menu__main-background-active_fade\"><\/span><a href=\"https:\/\/lyceefrancais.at\/en\/our-school\/\" class=\"awb-menu__main-a awb-menu__main-a_regular\"><span class=\"menu-text\">Unsere Schule<\/span><span class=\"awb-menu__open-nav-submenu-hover\"><\/span><\/a><button type=\"button\" aria-label=\"Open submenu of Unsere Schule\" aria-expanded=\"false\" class=\"awb-menu__open-nav-submenu_mobile awb-menu__open-nav-submenu_main\"><\/button><ul class=\"awb-menu__sub-ul awb-menu__sub-ul_main\"><li id=\"menu-item-7245\" class=\"menu-item menu-item-type-post_type menu-item-object-page menu-item-has-children menu-item-7245 awb-menu__li awb-menu__sub-li\"><a href=\"https:\/\/lyceefrancais.at\/en\/a-propos\/\" class=\"awb-menu__sub-a\"><span>Unsere Schule<\/span><span class=\"awb-menu__open-nav-submenu-hover\"><\/span><\/a><button type=\"button\" aria-label=\"Open submenu of Unsere Schule\" aria-expanded=\"false\" class=\"awb-menu__open-nav-submenu_mobile awb-menu__open-nav-submenu_sub\"><\/button><ul class=\"awb-menu__sub-ul awb-menu__sub-ul_grand\"><li id=\"menu-item-7298\" class=\"menu-item menu-item-type-post_type menu-item-object-page menu-item-7298 awb-menu__li awb-menu__sub-li\"><a href=\"https:\/\/lyceefrancais.at\/en\/team\/\" class=\"awb-menu__sub-a\"><span>Unsere Teams<\/span><\/a><\/li><li id=\"menu-item-7299\" class=\"menu-item menu-item-type-post_type menu-item-object-page menu-item-7299 awb-menu__li awb-menu__sub-li\"><a href=\"https:\/\/lyceefrancais.at\/en\/aefe\/\" class=\"awb-menu__sub-a\"><span>AEFE<\/span><\/a><\/li><li id=\"menu-item-7300\" class=\"menu-item menu-item-type-post_type menu-item-object-page menu-item-7300 awb-menu__li awb-menu__sub-li\"><a href=\"https:\/\/lyceefrancais.at\/en\/vienna-directorate-of-education\/\" class=\"awb-menu__sub-a\"><span>Bil\u00addungs\u00addi\u00adrek\u00adtion&nbsp;Wien<\/span><\/a><\/li><li id=\"menu-item-7301\" class=\"menu-item menu-item-type-post_type menu-item-object-page menu-item-7301 awb-menu__li awb-menu__sub-li\"><a href=\"https:\/\/lyceefrancais.at\/en\/history-2\/\" class=\"awb-menu__sub-a\"><span>Geschichte<\/span><\/a><\/li><\/ul><\/li><li id=\"menu-item-7261\" class=\"menu-item menu-item-type-post_type menu-item-object-page menu-item-7261 awb-menu__li awb-menu__sub-li\"><a href=\"https:\/\/lyceefrancais.at\/en\/school-project\/\" class=\"awb-menu__sub-a\"><span>Schul\u00adpro\u00adjekt<\/span><\/a><\/li><li id=\"menu-item-7264\" class=\"menu-item menu-item-type-post_type menu-item-object-page menu-item-7264 awb-menu__li awb-menu__sub-li\"><a href=\"https:\/\/lyceefrancais.at\/en\/committees\/\" class=\"awb-menu__sub-a\"><span>Gremien<\/span><\/a><\/li><li id=\"menu-item-7302\" class=\"menu-item menu-item-type-post_type menu-item-object-page menu-item-7302 awb-menu__li awb-menu__sub-li\"><a href=\"https:\/\/lyceefrancais.at\/en\/decisions-and-delegations-of-powers\/\" class=\"awb-menu__sub-a\"><span>Beschl\u00fcsse und Vollmacht<\/span><\/a><\/li><li id=\"menu-item-7303\" class=\"menu-item menu-item-type-post_type menu-item-object-page menu-item-7303 awb-menu__li awb-menu__sub-li\"><a href=\"https:\/\/lyceefrancais.at\/en\/bylaws\/\" class=\"awb-menu__sub-a\"><span>Hau\u00adsor\u00add\u00adnung<\/span><\/a><\/li><li id=\"menu-item-7304\" class=\"menu-item menu-item-type-post_type menu-item-object-page menu-item-7304 awb-menu__li awb-menu__sub-li\"><a href=\"https:\/\/lyceefrancais.at\/en\/careers\/\" class=\"awb-menu__sub-a\"><span>Kar\u00adriere<\/span><\/a><\/li><li id=\"menu-item-7305\" class=\"menu-item menu-item-type-post_type menu-item-object-page menu-item-7305 awb-menu__li awb-menu__sub-li\"><a href=\"https:\/\/lyceefrancais.at\/en\/public-procurement\/\" class=\"awb-menu__sub-a\"><span>AUSSCHREIBUNGEN<\/span><\/a><\/li><li id=\"menu-item-7246\" class=\"menu-item menu-item-type-post_type menu-item-object-page menu-item-7246 awb-menu__li awb-menu__sub-li\"><a href=\"https:\/\/lyceefrancais.at\/en\/data-protection\/\" class=\"awb-menu__sub-a\"><span>DATENSCHUTZ<\/span><\/a><\/li><li id=\"menu-item-7247\" class=\"menu-item menu-item-type-post_type menu-item-object-page menu-item-7247 awb-menu__li awb-menu__sub-li\"><a href=\"https:\/\/lyceefrancais.at\/en\/legal-information\/\" class=\"awb-menu__sub-a\"><span>Geset\u00adzliche Hinweise<\/span><\/a><\/li><\/ul><\/li><li id=\"menu-item-5044\" class=\"menu-item menu-item-type-post_type menu-item-object-page menu-item-has-children menu-item-5044 awb-menu__li awb-menu__main-li awb-menu__main-li_regular\" data-item-id=\"5044\"><span class=\"awb-menu__main-background-default awb-menu__main-background-default_fade\"><\/span><span class=\"awb-menu__main-background-active awb-menu__main-background-active_fade\"><\/span><a href=\"https:\/\/lyceefrancais.at\/en\/registration\/\" class=\"awb-menu__main-a awb-menu__main-a_regular\"><span class=\"menu-text\">Anmel\u00addung<\/span><span class=\"awb-menu__open-nav-submenu-hover\"><\/span><\/a><button type=\"button\" aria-label=\"Open submenu of Anmeldung\" aria-expanded=\"false\" class=\"awb-menu__open-nav-submenu_mobile awb-menu__open-nav-submenu_main\"><\/button><ul class=\"awb-menu__sub-ul awb-menu__sub-ul_main\"><li id=\"menu-item-5045\" class=\"menu-item menu-item-type-post_type menu-item-object-page menu-item-5045 awb-menu__li awb-menu__sub-li\"><a href=\"https:\/\/lyceefrancais.at\/en\/procedures\/\" class=\"awb-menu__sub-a\"><span>Anmel\u00addungsver\u00adfahren<\/span><\/a><\/li><li id=\"menu-item-5046\" class=\"menu-item menu-item-type-post_type menu-item-object-page menu-item-5046 awb-menu__li awb-menu__sub-li\"><a href=\"https:\/\/lyceefrancais.at\/en\/tuition-fees\/\" class=\"awb-menu__sub-a\"><span>Schul\u00adge\u00adb\u00fchren<\/span><\/a><\/li><li id=\"menu-item-5047\" class=\"menu-item menu-item-type-post_type menu-item-object-page menu-item-5047 awb-menu__li awb-menu__sub-li\"><a href=\"https:\/\/lyceefrancais.at\/en\/scholarships-and-financial-aid\/\" class=\"awb-menu__sub-a\"><span>Stipen\u00addi\u00aden und finanzielle Unterst\u00fctzungen<\/span><\/a><\/li><li id=\"menu-item-5048\" class=\"menu-item menu-item-type-post_type menu-item-object-page menu-item-5048 awb-menu__li awb-menu__sub-li\"><a href=\"https:\/\/lyceefrancais.at\/en\/faq\/\" class=\"awb-menu__sub-a\"><span>FAQ<\/span><\/a><\/li><\/ul><\/li><li id=\"menu-item-5104\" class=\"menu-item menu-item-type-post_type menu-item-object-page menu-item-has-children menu-item-5104 awb-menu__li awb-menu__main-li awb-menu__main-li_regular\" data-item-id=\"5104\"><span class=\"awb-menu__main-background-default awb-menu__main-background-default_fade\"><\/span><span class=\"awb-menu__main-background-active awb-menu__main-background-active_fade\"><\/span><a href=\"https:\/\/lyceefrancais.at\/en\/curriculum\/\" class=\"awb-menu__main-a awb-menu__main-a_regular\"><span class=\"menu-text\">Cur\u00adricu\u00adlum<\/span><span class=\"awb-menu__open-nav-submenu-hover\"><\/span><\/a><button type=\"button\" aria-label=\"Open submenu of Curriculum\" aria-expanded=\"false\" class=\"awb-menu__open-nav-submenu_mobile awb-menu__open-nav-submenu_main\"><\/button><ul class=\"awb-menu__sub-ul awb-menu__sub-ul_main\"><li id=\"menu-item-5612\" class=\"menu-item menu-item-type-post_type menu-item-object-page menu-item-has-children menu-item-5612 awb-menu__li awb-menu__sub-li\"><a href=\"https:\/\/lyceefrancais.at\/en\/maternelle-kindergarten\/\" class=\"awb-menu__sub-a\"><span>Mater\u00adnelle \/ Kindergarten<\/span><span class=\"awb-menu__open-nav-submenu-hover\"><\/span><\/a><button type=\"button\" aria-label=\"Open submenu of Maternelle \/ Kindergarten\" aria-expanded=\"false\" class=\"awb-menu__open-nav-submenu_mobile awb-menu__open-nav-submenu_sub\"><\/button><ul class=\"awb-menu__sub-ul awb-menu__sub-ul_grand\"><li id=\"menu-item-5613\" class=\"menu-item menu-item-type-post_type menu-item-object-page menu-item-5613 awb-menu__li awb-menu__sub-li\"><a href=\"https:\/\/lyceefrancais.at\/en\/maternelle-kindergarten\/\" class=\"awb-menu__sub-a\"><span>Mater\u00adnelle \/ Kindergarten<\/span><\/a><\/li><li id=\"menu-item-5614\" class=\"menu-item menu-item-type-post_type menu-item-object-page menu-item-5614 awb-menu__li awb-menu__sub-li\"><a href=\"https:\/\/lyceefrancais.at\/en\/elementaire\/\" class=\"awb-menu__sub-a\"><span>\u00c9l\u00e9\u00admen\u00adtaire \/ Volskschule<\/span><\/a><\/li><li id=\"menu-item-5615\" class=\"menu-item menu-item-type-post_type menu-item-object-page menu-item-5615 awb-menu__li awb-menu__sub-li\"><a href=\"https:\/\/lyceefrancais.at\/en\/college-middle-school\/\" class=\"awb-menu__sub-a\"><span>Col\u00adl\u00e8ge \/ Gym\u00adna\u00adsi\u00adum Unterstufe<\/span><\/a><\/li><li id=\"menu-item-5616\" class=\"menu-item menu-item-type-post_type menu-item-object-page menu-item-5616 awb-menu__li awb-menu__sub-li\"><a href=\"https:\/\/lyceefrancais.at\/en\/lycee-high-school\/\" class=\"awb-menu__sub-a\"><span>Lyc\u00e9e \/ Gym\u00adna\u00adsi\u00adum Oberstufe<\/span><\/a><\/li><\/ul><\/li><li id=\"menu-item-5617\" class=\"menu-item menu-item-type-post_type menu-item-object-page menu-item-has-children menu-item-5617 awb-menu__li awb-menu__sub-li\"><a href=\"https:\/\/lyceefrancais.at\/en\/languages\/\" class=\"awb-menu__sub-a\"><span>Sprachen<\/span><span class=\"awb-menu__open-nav-submenu-hover\"><\/span><\/a><button type=\"button\" aria-label=\"Open submenu of Sprachen\" aria-expanded=\"false\" class=\"awb-menu__open-nav-submenu_mobile awb-menu__open-nav-submenu_sub\"><\/button><ul class=\"awb-menu__sub-ul awb-menu__sub-ul_grand\"><li id=\"menu-item-5618\" class=\"menu-item menu-item-type-post_type menu-item-object-page menu-item-5618 awb-menu__li awb-menu__sub-li\"><a href=\"https:\/\/lyceefrancais.at\/en\/welcoming-non-french-speaking-children\/\" class=\"awb-menu__sub-a\"><span>Auf\u00adnahme von nicht franko\u00adpho\u00adnen Kindern<\/span><\/a><\/li><li id=\"menu-item-5619\" class=\"menu-item menu-item-type-post_type menu-item-object-page menu-item-5619 awb-menu__li awb-menu__sub-li\"><a href=\"https:\/\/lyceefrancais.at\/en\/german-as-mother-tongue\/\" class=\"awb-menu__sub-a\"><span>Deutsch als Muttersprache<\/span><\/a><\/li><li id=\"menu-item-5620\" class=\"menu-item menu-item-type-post_type menu-item-object-page menu-item-5620 awb-menu__li awb-menu__sub-li\"><a href=\"https:\/\/lyceefrancais.at\/en\/language-certifications\/\" class=\"awb-menu__sub-a\"><span>Sprachz\u00ader\u00adti\u00adfizierun\u00adgen<\/span><\/a><\/li><\/ul><\/li><li id=\"menu-item-5621\" class=\"menu-item menu-item-type-post_type menu-item-object-page menu-item-has-children menu-item-5621 awb-menu__li awb-menu__sub-li\"><a href=\"https:\/\/lyceefrancais.at\/en\/inclusive-schooling\/\" class=\"awb-menu__sub-a\"><span>Inklu\u00adsive Schule<\/span><span class=\"awb-menu__open-nav-submenu-hover\"><\/span><\/a><button type=\"button\" aria-label=\"Open submenu of Inklusive Schule\" aria-expanded=\"false\" class=\"awb-menu__open-nav-submenu_mobile awb-menu__open-nav-submenu_sub\"><\/button><ul class=\"awb-menu__sub-ul awb-menu__sub-ul_grand\"><li id=\"menu-item-5622\" class=\"menu-item menu-item-type-post_type menu-item-object-page menu-item-5622 awb-menu__li awb-menu__sub-li\"><a href=\"https:\/\/lyceefrancais.at\/en\/inclusive-schooling\/\" class=\"awb-menu__sub-a\"><span>Inklu\u00adsive Schule<\/span><\/a><\/li><li id=\"menu-item-5623\" class=\"menu-item menu-item-type-post_type menu-item-object-page menu-item-5623 awb-menu__li awb-menu__sub-li\"><a href=\"https:\/\/lyceefrancais.at\/en\/counselling\/\" class=\"awb-menu__sub-a\"><span>Beratung<\/span><\/a><\/li><li id=\"menu-item-5624\" class=\"menu-item menu-item-type-post_type menu-item-object-page menu-item-5624 awb-menu__li awb-menu__sub-li\"><a href=\"https:\/\/lyceefrancais.at\/en\/special-needs-action-plans\/\" class=\"awb-menu__sub-a\"><span>Hil\u00adfe\u00adpro\u00adgramm<\/span><\/a><\/li><\/ul><\/li><li id=\"menu-item-7248\" class=\"menu-item menu-item-type-post_type menu-item-object-page menu-item-has-children menu-item-7248 awb-menu__li awb-menu__sub-li\"><a href=\"https:\/\/lyceefrancais.at\/en\/school-infirmary\/\" class=\"awb-menu__sub-a\"><span>Kranken\u00adsta\u00adtion<\/span><span class=\"awb-menu__open-nav-submenu-hover\"><\/span><\/a><button type=\"button\" aria-label=\"Open submenu of Krankenstation\" aria-expanded=\"false\" class=\"awb-menu__open-nav-submenu_mobile awb-menu__open-nav-submenu_sub\"><\/button><ul class=\"awb-menu__sub-ul awb-menu__sub-ul_grand\"><li id=\"menu-item-7249\" class=\"menu-item menu-item-type-post_type menu-item-object-page menu-item-7249 awb-menu__li awb-menu__sub-li\"><a href=\"https:\/\/lyceefrancais.at\/en\/school-infirmary\/\" class=\"awb-menu__sub-a\"><span>Kranken\u00adsta\u00adtion<\/span><\/a><\/li><li id=\"menu-item-7250\" class=\"menu-item menu-item-type-post_type menu-item-object-page menu-item-7250 awb-menu__li awb-menu__sub-li\"><a href=\"https:\/\/lyceefrancais.at\/en\/networks-of-professionals\/\" class=\"awb-menu__sub-a\"><span>Pro\u00adfes\u00adsionelle Netzwerke<\/span><\/a><\/li><\/ul><\/li><\/ul><\/li><li id=\"menu-item-7505\" class=\"menu-item menu-item-type-post_type menu-item-object-page menu-item-has-children menu-item-7505 awb-menu__li awb-menu__main-li awb-menu__main-li_regular\" data-item-id=\"7505\"><span class=\"awb-menu__main-background-default awb-menu__main-background-default_fade\"><\/span><span class=\"awb-menu__main-background-active awb-menu__main-background-active_fade\"><\/span><a href=\"https:\/\/lyceefrancais.at\/en\/life-at-school\/\" class=\"awb-menu__main-a awb-menu__main-a_regular\"><span class=\"menu-text\">Schulleben<\/span><span class=\"awb-menu__open-nav-submenu-hover\"><\/span><\/a><button type=\"button\" aria-label=\"Open submenu of Schulleben\" aria-expanded=\"false\" class=\"awb-menu__open-nav-submenu_mobile awb-menu__open-nav-submenu_main\"><\/button><ul class=\"awb-menu__sub-ul awb-menu__sub-ul_main\"><li id=\"menu-item-7493\" class=\"menu-item menu-item-type-post_type menu-item-object-page menu-item-7493 awb-menu__li awb-menu__sub-li\"><a href=\"https:\/\/lyceefrancais.at\/en\/extracurricular-activities\/\" class=\"awb-menu__sub-a\"><span>au\u00dfer\u00adschulis\u00adchen Aktivit\u00e4ten<\/span><\/a><\/li><li id=\"menu-item-7251\" class=\"menu-item menu-item-type-post_type menu-item-object-page menu-item-7251 awb-menu__li awb-menu__sub-li\"><a href=\"https:\/\/lyceefrancais.at\/en\/music\/\" class=\"awb-menu__sub-a\"><span>MusiK<\/span><\/a><\/li><li id=\"menu-item-7253\" class=\"menu-item menu-item-type-post_type menu-item-object-page menu-item-7253 awb-menu__li awb-menu__sub-li\"><a href=\"https:\/\/lyceefrancais.at\/en\/sports\/\" class=\"awb-menu__sub-a\"><span>Sports<\/span><\/a><\/li><\/ul><\/li><li id=\"menu-item-5049\" class=\"menu-item menu-item-type-post_type menu-item-object-page menu-item-5049 awb-menu__li awb-menu__main-li awb-menu__main-li_regular\" data-item-id=\"5049\"><span class=\"awb-menu__main-background-default awb-menu__main-background-default_fade\"><\/span><span class=\"awb-menu__main-background-active awb-menu__main-background-active_fade\"><\/span><a href=\"https:\/\/lyceefrancais.at\/en\/contact\/\" class=\"awb-menu__main-a awb-menu__main-a_regular\"><span class=\"menu-text\">Kon\u00adtakt<\/span><\/a><\/li><\/ul><\/nav><nav class=\"awb-menu awb-menu_column awb-menu_em-hover mobile-mode-always-expanded awb-menu_icons-left awb-menu_dc-yes mobile-trigger-fullwidth-off awb-menu_mobile-toggle awb-menu_indent-left loading mega-menu-loading awb-menu_desktop awb-menu_dropdown awb-menu_expand-right awb-menu_transition-fade\" style=\"--awb-font-size:13px;--awb-margin-top:0px;--awb-margin-bottom:7px;--awb-text-transform:uppercase;--awb-bg:#f7f7fa;--awb-justify-content:space-around;--awb-items-padding-top:10px;--awb-items-padding-right:0px;--awb-items-padding-bottom:10px;--awb-color:#66656a;--awb-active-color:#840a23;--awb-active-bg:#faf4f3;--awb-submenu-color:#f7f7fa;--awb-submenu-bg:#c7c4ca;--awb-submenu-sep-color:#ffffff;--awb-submenu-items-padding-top:7px;--awb-submenu-items-padding-right:75px;--awb-submenu-items-padding-bottom:7px;--awb-submenu-items-padding-left:75px;--awb-submenu-active-bg:#faf4f3;--awb-submenu-active-color:#66656a;--awb-submenu-font-size:14px;--awb-submenu-text-transform:uppercase;--awb-icons-size:10;--awb-icons-color:#f7f7fa;--awb-icons-hover-color:#66656a;--awb-main-justify-content:center;--awb-sub-justify-content:center;--awb-mobile-bg:#f7f7fa;--awb-mobile-active-color:#840a23;--awb-justify-title:flex-start;--awb-mobile-justify:flex-start;--awb-mobile-caret-left:auto;--awb-mobile-caret-right:0;--awb-fusion-font-family-typography:&quot;DM Sans&quot;;--awb-fusion-font-style-typography:normal;--awb-fusion-font-weight-typography:500;--awb-fusion-font-family-submenu-typography:&quot;DM Sans&quot;;--awb-fusion-font-style-submenu-typography:normal;--awb-fusion-font-weight-submenu-typography:500;--awb-fusion-font-family-mobile-typography:&quot;DM Sans&quot;;--awb-fusion-font-style-mobile-typography:normal;--awb-fusion-font-weight-mobile-typography:500;\" aria-label=\"Espaces documentaires\" data-breakpoint=\"900\" data-count=\"5\" data-transition-type=\"fade\" data-transition-time=\"300\" data-expand=\"right\"><button type=\"button\" class=\"awb-menu__m-toggle awb-menu__m-toggle_no-text\" aria-expanded=\"false\" aria-controls=\"menu-espaces-documentaires\"><span class=\"awb-menu__m-toggle-inner\"><span class=\"collapsed-nav-text\"><span class=\"screen-reader-text\">Toggle Navigation<\/span><\/span><span class=\"awb-menu__m-collapse-icon awb-menu__m-collapse-icon_no-text\"><span class=\"awb-menu__m-collapse-icon-open awb-menu__m-collapse-icon-open_no-text fa-bars fas\"><\/span><span class=\"awb-menu__m-collapse-icon-close awb-menu__m-collapse-icon-close_no-text fa-times fas\"><\/span><\/span><\/span><\/button><\/nav><nav class=\"awb-menu awb-menu_column awb-menu_em-hover mobile-mode-always-expanded awb-menu_icons-left awb-menu_dc-yes mobile-trigger-fullwidth-off awb-menu_mobile-toggle awb-menu_indent-left loading mega-menu-loading awb-menu_desktop awb-menu_dropdown awb-menu_expand-right awb-menu_transition-fade\" style=\"--awb-font-size:14px;--awb-margin-top:0px;--awb-margin-bottom:7px;--awb-text-transform:uppercase;--awb-bg:#f7f7fa;--awb-justify-content:space-around;--awb-items-padding-top:12px;--awb-items-padding-right:0px;--awb-items-padding-bottom:12px;--awb-color:#66656a;--awb-active-color:#840a23;--awb-active-bg:#faf4f3;--awb-submenu-color:#f7f7fa;--awb-submenu-bg:#c7c4ca;--awb-submenu-sep-color:#ffffff;--awb-submenu-items-padding-top:7px;--awb-submenu-items-padding-right:75px;--awb-submenu-items-padding-bottom:7px;--awb-submenu-items-padding-left:75px;--awb-submenu-active-bg:#faf4f3;--awb-submenu-active-color:#66656a;--awb-submenu-font-size:14px;--awb-submenu-text-transform:uppercase;--awb-icons-size:10;--awb-icons-color:#f7f7fa;--awb-icons-hover-color:#66656a;--awb-main-justify-content:center;--awb-mobile-bg:#f7f7fa;--awb-mobile-active-color:#840a23;--awb-justify-title:flex-start;--awb-mobile-justify:flex-start;--awb-mobile-caret-left:auto;--awb-mobile-caret-right:0;--awb-fusion-font-family-typography:&quot;DM Sans&quot;;--awb-fusion-font-style-typography:normal;--awb-fusion-font-weight-typography:500;--awb-fusion-font-family-submenu-typography:&quot;DM Sans&quot;;--awb-fusion-font-style-submenu-typography:normal;--awb-fusion-font-weight-submenu-typography:500;--awb-fusion-font-family-mobile-typography:&quot;DM Sans&quot;;--awb-fusion-font-style-mobile-typography:normal;--awb-fusion-font-weight-mobile-typography:500;\" aria-label=\"La sant\u00e9 \u00e0 l\u2019\u00e9cole\" data-breakpoint=\"900\" data-count=\"6\" data-transition-type=\"fade\" data-transition-time=\"300\" data-expand=\"right\"><button type=\"button\" class=\"awb-menu__m-toggle awb-menu__m-toggle_no-text\" aria-expanded=\"false\" aria-controls=\"menu-la-sante-a-lecole\"><span class=\"awb-menu__m-toggle-inner\"><span class=\"collapsed-nav-text\"><span class=\"screen-reader-text\">Toggle Navigation<\/span><\/span><span class=\"awb-menu__m-collapse-icon awb-menu__m-collapse-icon_no-text\"><span class=\"awb-menu__m-collapse-icon-open awb-menu__m-collapse-icon-open_no-text fa-bars fas\"><\/span><span class=\"awb-menu__m-collapse-icon-close awb-menu__m-collapse-icon-close_no-text fa-times fas\"><\/span><\/span><\/span><\/button><ul id=\"menu-la-sante-a-lecole-allemand\" class=\"fusion-menu awb-menu__main-ul awb-menu__main-ul_column\"><li id=\"menu-item-5688\" class=\"menu-item menu-item-type-post_type menu-item-object-page menu-item-has-children menu-item-5688 awb-menu__li awb-menu__main-li awb-menu__main-li_regular\" data-item-id=\"5688\"><span class=\"awb-menu__main-background-default awb-menu__main-background-default_fade\"><\/span><span class=\"awb-menu__main-background-active awb-menu__main-background-active_fade\"><\/span><a href=\"https:\/\/lyceefrancais.at\/de\/die-krankenschwestern\/\" class=\"awb-menu__main-a awb-menu__main-a_regular\"><span class=\"menu-text\">Kranken\u00adsta\u00adtion<\/span><span class=\"awb-menu__open-nav-submenu-hover\"><\/span><\/a><button type=\"button\" aria-label=\"Open submenu of Krankenstation\" aria-expanded=\"false\" class=\"awb-menu__open-nav-submenu_mobile awb-menu__open-nav-submenu_main\"><\/button><ul class=\"awb-menu__sub-ul awb-menu__sub-ul_main\"><li id=\"menu-item-5689\" class=\"menu-item menu-item-type-post_type menu-item-object-page menu-item-5689 awb-menu__li awb-menu__sub-li\"><a href=\"https:\/\/lyceefrancais.at\/de\/die-krankenschwestern\/\" class=\"awb-menu__sub-a\"><span>Kranken\u00adsta\u00adtion<\/span><\/a><\/li><li id=\"menu-item-7214\" class=\"menu-item menu-item-type-post_type menu-item-object-page menu-item-7214 awb-menu__li awb-menu__sub-li\"><a href=\"https:\/\/lyceefrancais.at\/de\/bekaempfung-von-mobbing-und-diskriminierung\/\" class=\"awb-menu__sub-a\"><span>Bek\u00e4mp\u00adfung von Mob\u00adbing und Diskriminierung<\/span><\/a><\/li><li id=\"menu-item-5690\" class=\"menu-item menu-item-type-post_type menu-item-object-page menu-item-5690 awb-menu__li awb-menu__sub-li\"><a href=\"https:\/\/lyceefrancais.at\/de\/der-psychologischer-stuetzpunkt\/\" class=\"awb-menu__sub-a\"><span>Der psy\u00adchol\u00ado\u00adgis\u00adch\u00ader St\u00fctzpunkt<\/span><\/a><\/li><li id=\"menu-item-5691\" class=\"menu-item menu-item-type-post_type menu-item-object-page menu-item-5691 awb-menu__li awb-menu__sub-li\"><a href=\"https:\/\/lyceefrancais.at\/de\/professionelle-netzwerke\/\" class=\"awb-menu__sub-a\"><span>Pro\u00adfes\u00adsionelle Netzwerke<\/span><\/a><\/li><\/ul><\/li><\/ul><\/nav><nav class=\"awb-menu awb-menu_column awb-menu_em-hover mobile-mode-always-expanded awb-menu_icons-left awb-menu_dc-yes mobile-trigger-fullwidth-off awb-menu_mobile-toggle awb-menu_indent-left loading mega-menu-loading awb-menu_desktop awb-menu_dropdown awb-menu_expand-right awb-menu_transition-fade\" style=\"--awb-font-size:14px;--awb-margin-top:0px;--awb-margin-bottom:7px;--awb-text-transform:uppercase;--awb-bg:#f7f7fa;--awb-justify-content:space-around;--awb-items-padding-top:12px;--awb-items-padding-right:0px;--awb-items-padding-bottom:12px;--awb-color:#66656a;--awb-active-color:#840a23;--awb-active-bg:#faf4f3;--awb-submenu-color:#f7f7fa;--awb-submenu-bg:#c7c4ca;--awb-submenu-sep-color:#ffffff;--awb-submenu-items-padding-top:7px;--awb-submenu-items-padding-right:75px;--awb-submenu-items-padding-bottom:7px;--awb-submenu-items-padding-left:75px;--awb-submenu-active-bg:#faf4f3;--awb-submenu-active-color:#66656a;--awb-submenu-font-size:14px;--awb-submenu-text-transform:uppercase;--awb-icons-size:10;--awb-icons-color:#f7f7fa;--awb-icons-hover-color:#66656a;--awb-main-justify-content:center;--awb-mobile-bg:#f7f7fa;--awb-mobile-active-color:#840a23;--awb-justify-title:flex-start;--awb-mobile-justify:flex-start;--awb-mobile-caret-left:auto;--awb-mobile-caret-right:0;--awb-fusion-font-family-typography:&quot;DM Sans&quot;;--awb-fusion-font-style-typography:normal;--awb-fusion-font-weight-typography:500;--awb-fusion-font-family-submenu-typography:&quot;DM Sans&quot;;--awb-fusion-font-style-submenu-typography:normal;--awb-fusion-font-weight-submenu-typography:500;--awb-fusion-font-family-mobile-typography:&quot;DM Sans&quot;;--awb-fusion-font-style-mobile-typography:normal;--awb-fusion-font-weight-mobile-typography:500;\" aria-label=\"Restaurant scolaire\" data-breakpoint=\"900\" data-count=\"7\" data-transition-type=\"fade\" data-transition-time=\"300\" data-expand=\"right\"><button type=\"button\" class=\"awb-menu__m-toggle awb-menu__m-toggle_no-text\" aria-expanded=\"false\" aria-controls=\"menu-restaurant-scolaire\"><span class=\"awb-menu__m-toggle-inner\"><span class=\"collapsed-nav-text\"><span class=\"screen-reader-text\">Toggle Navigation<\/span><\/span><span class=\"awb-menu__m-collapse-icon awb-menu__m-collapse-icon_no-text\"><span class=\"awb-menu__m-collapse-icon-open awb-menu__m-collapse-icon-open_no-text fa-bars fas\"><\/span><span class=\"awb-menu__m-collapse-icon-close awb-menu__m-collapse-icon-close_no-text fa-times fas\"><\/span><\/span><\/span><\/button><ul id=\"menu-restaurant-scolaire-allemand\" class=\"fusion-menu awb-menu__main-ul awb-menu__main-ul_column\"><li id=\"menu-item-5692\" class=\"menu-item menu-item-type-post_type menu-item-object-page menu-item-has-children menu-item-5692 awb-menu__li awb-menu__main-li awb-menu__main-li_regular\" data-item-id=\"5692\"><span class=\"awb-menu__main-background-default awb-menu__main-background-default_fade\"><\/span><span class=\"awb-menu__main-background-active awb-menu__main-background-active_fade\"><\/span><a href=\"https:\/\/lyceefrancais.at\/de\/das-team-des-schulrestaurants\/\" class=\"awb-menu__main-a awb-menu__main-a_regular\"><span class=\"menu-text\">Das Team des Schulrestaurants<\/span><span class=\"awb-menu__open-nav-submenu-hover\"><\/span><\/a><button type=\"button\" aria-label=\"Open submenu of Das Team des Schulrestaurants\" aria-expanded=\"false\" class=\"awb-menu__open-nav-submenu_mobile awb-menu__open-nav-submenu_main\"><\/button><ul class=\"awb-menu__sub-ul awb-menu__sub-ul_main\"><li id=\"menu-item-5693\" class=\"menu-item menu-item-type-post_type menu-item-object-page menu-item-5693 awb-menu__li awb-menu__sub-li\"><a href=\"https:\/\/lyceefrancais.at\/de\/das-team-des-schulrestaurants\/\" class=\"awb-menu__sub-a\"><span>Das Team des Schulrestaurants<\/span><\/a><\/li><\/ul><\/li><\/ul><\/nav><div class=\"fusion-separator fusion-full-width-sep\" style=\"align-self: center;margin-left: auto;margin-right: auto;flex-grow:2;width:100%;\"><div class=\"fusion-separator-border sep-wavy\" style=\"--awb-height:200px;--awb-amount:20px;--awb-separator-pattern-url:url(&quot;data:image\/svg+xml;utf8,%3Csvg%20xmlns%3D%22http%3A%2F%2Fwww.w3.org%2F2000%2Fsvg%22%20preserveAspectRatio%3D%22none%22%20overflow%3D%22visible%22%20height%3D%22100%25%22%20viewBox%3D%220%200%2024%2024%22%20fill%3D%22none%22%20stroke%3D%22black%22%20stroke-width%3D%221%22%20stroke-linecap%3D%22square%22%20stroke-miterlimit%3D%2210%22%3E%3Cpath%20d%3D%22M0%2C6c6%2C0%2C0.9%2C11.1%2C6.9%2C11.1S18%2C6%2C24%2C6%22%2F%3E%3C%2Fsvg%3E&quot;);border-color:#e0dede;\"><\/div><\/div><\/div><\/div>\n<div class=\"fusion-layout-column fusion_builder_column fusion-builder-column-7 fusion_builder_column_2_3 2_3 fusion-flex-column\" style=\"--awb-padding-top:50px;--awb-padding-right-small:0px;--awb-padding-left-small:0px;--awb-bg-size:cover;--awb-width-large:66.666666666667%;--awb-margin-top-large:0px;--awb-spacing-right-large:0%;--awb-margin-bottom-large:0px;--awb-spacing-left-large:0%;--awb-width-medium:66.666666666667%;--awb-order-medium:0;--awb-spacing-right-medium:0%;--awb-spacing-left-medium:0%;--awb-width-small:100%;--awb-order-small:0;--awb-spacing-right-small:0%;--awb-spacing-left-small:0%;\"><div class=\"fusion-column-wrapper fusion-column-has-shadow fusion-flex-justify-content-flex-start fusion-content-layout-column\"><div class=\"fusion-text fusion-text-2 fusion-no-small-visibility\"><h3 class=\"fusion-responsive-typography-calculated\" style=\"text-align: center; line-height: 1; --fontsize: 14; --minfontsize: 14;\" data-fontsize=\"14\" data-lineheight=\"14px\"><span style=\"color: #840a23; font-family: Crimson Text; font-size: 300%;\"><span style=\"caret-color: rgb(132, 10, 35); font-weight: normal; letter-spacing: normal; line-height: 42px;\" data-fusion-font=\"true\">Deutschunterricht <\/span><\/span><\/h3>\n<h3 class=\"fusion-responsive-typography-calculated\" style=\"text-align: center; line-height: 1; --fontsize: 14; --minfontsize: 14;\" data-fontsize=\"14\" data-lineheight=\"14px\"><span style=\"letter-spacing: normal; caret-color: rgb(132, 10, 35); font-weight: normal; color: rgb(132, 10, 35); font-family: 'Crimson Text'; font-size: 300%; font-style: var(--body_typography-font-style,normal); line-height: 42px;\" data-fusion-font=\"true\">Vom Kindergarten bis zur Oberstufe<\/span><\/h3>\n<\/div><div class=\"fusion-separator\" style=\"align-self: center;margin-left: auto;margin-right: auto;margin-top:20px;margin-bottom:35px;width:100%;max-width:80px;\"><div class=\"fusion-separator-border sep-single sep-solid\" style=\"--awb-height:20px;--awb-amount:20px;border-color:#e0dede;border-top-width:2px;\"><\/div><\/div><div class=\"fusion-text fusion-text-3\"><h4 class=\"fusion-responsive-typography-calculated\" style=\"text-align: left; --fontsize: 21; line-height: 1.36; --minfontsize: 21;\" data-fontsize=\"21\" data-lineheight=\"28.559999465942383px\">\u00d6sterreichische Sch\u00fcler\/innen oder \u00f6sterreichische Sch\u00fcler\/innen mit einer oder mehreren anderen Staatsb\u00fcrgerschaften,<\/h4>\n<p style=\"text-align: justify;\"><span style=\"letter-spacing: 0.75px;\" data-fusion-font=\"true\">\u2026 besuchen den \u00f6ster\u00adre\u00adichis\u00adchen Unter\u00adricht in deutsch\u00ader Mut\u00adter\u00adsprache nach den \u00f6ster\u00adre\u00adichis\u00adchen Lehrpl\u00e4\u00adnen. Von der 1. Klasse Volkschule (CP) bis zur 5. Klasse AHS (3\u00e8me)<\/span><sup><span style=\"letter-spacing: 0.75px;\" data-fusion-font=\"true\">tr\u00e4gt<\/span><\/sup><span style=\"letter-spacing: 0.75px;\" data-fusion-font=\"true\">dieser Unter\u00adricht das franz\u00f6\u00adsis\u00adche Label: \u201eInter\u00adna\u00adtionale Sek\u00adtion in deutsch\u00ader Sprache\u201c.&nbsp;<\/span><\/p>\n<p style=\"text-align: justify; letter-spacing: 0.75px;\" data-fusion-font=\"true\">Das franz\u00f6\u00adsisch-\u00f6ster\u00adre\u00adichis\u00adche Kul\u00adtur\u00adabkom\u00admen legt den Unter\u00adricht in Deutsch als Mut\u00adter\u00adsprache fest&nbsp;:<\/p>\n<ul>\n<li style=\"text-align: justify;\"><span style=\"letter-spacing: 0.75px;\" data-fusion-font=\"true\">Die Sch\u00fcler\/innen nehmen am Unter\u00adricht in Deutsch als Mut\u00adter\u00adsprache teil (4\u20136 Stunden);<\/span><\/li>\n<li style=\"text-align: justify;\"><span style=\"letter-spacing: 0.75px;\" data-fusion-font=\"true\">Die Sch\u00fcler\/innen bele\u00adgen Geschichte und Geografie in Deutsch als Mut\u00adter\u00adsprache ab der f\u00fcn\u00adften Klasse (CM2) (1\u20132 Stunden);<\/span><\/li>\n<li style=\"text-align: justify;\"><span style=\"letter-spacing: 0.75px;\" data-fusion-font=\"true\">Diese Sch\u00fcler\/innen leg\u00aden am Ende der der 5. Klasse AHS, der 3\u00e8me, f\u00fcr das franz\u00f6\u00adsis\u00adche DNB (Mit\u00adtlere Reifepr\u00fc\u00adfung) fol\u00adgende zwei m\u00fcndliche Pr\u00fc\u00adfun\u00adgen ab: eine in Deutsch und eine in \u00f6ster\u00adre\u00adichis\u00adch\u00ader Geschichte\/Geographie;<\/span><\/li>\n<li style=\"text-align: justify;\"><span style=\"letter-spacing: 0.75px;\" data-fusion-font=\"true\">In der 8. Klasse AHS, Ter\u00admi\u00adnale, treten sie auch zur \u00f6ster\u00adre\u00adichis\u00adchen Zusatz-Matu\u00adra&nbsp;an;<\/span><\/li>\n<li style=\"text-align: justify;\"><span style=\"letter-spacing: 0.75px;\" data-fusion-font=\"true\">Gem\u00e4\u00df ihrem em Reli\u00adgions\u00adbeken\u00adnt\u00adnis besuchen die Sch\u00fcler\/innen verpflich\u00adt\u00adend den entsprechen\u00adden Reli\u00adgion\u00adsun\u00adter\u00adricht (1\u20132 Stun\u00adden). Ab der 1. Klasse Volkss\u00adchule (CP) wird derzeit fol\u00adgen\u00adder Unter\u00adricht am LFV ange\u00adboten: r\u00f6misch-katholisch, evan\u00adge\u00adlisch, j\u00fcdisch, islamisch (1.\u20134.VS). F\u00fcr \u00f6ster\u00adre\u00adichis\u00adche Staatsb\u00fcrger\/innen ist der Reli\u00adgion\u00adsun\u00adter\u00adricht verpflich\u00adt\u00adend; es beste\u00adht aber am Anfang jeden Schul\u00adjahrs die M\u00f6glichkeit, sich schriftlich abzumelden. Sch\u00fcler\/innen ohne Reli\u00adgions\u00adbeken\u00adnt\u00adnis (ORB) k\u00f6n\u00adnen sich am Anfang jeden Schul\u00adjahrs schriftlich f\u00fcr einen der ange\u00adbote\u00adnen Reli\u00adgion\u00adsun\u00adter\u00adrichte anmelden. Zu Schul\u00adjahres\u00adbe\u00adginn ein elek\u00adtro\u00adn\u00adis\u00adches Infor\u00adma\u00adtion\u00adss\u00adchreiben wird gesendet.<\/span><\/li>\n<\/ul>\n<p style=\"letter-spacing: 0.75px;\" data-fusion-font=\"true\"><\/p><div class=\"elegant-empty-space space-vertical fusion-clearfix \" style=\"height:10px;\"><\/div>\n<h4 style=\"text-align: justify;\"><strong style=\"letter-spacing: 0.75px;\" data-fusion-font=\"true\">F\u00fcr die Sch\u00fcler\/innen einer anderen Staatsb\u00fcrgerschaft<\/strong><\/h4>\n<ul>\n<li style=\"text-align: justify;\"><span style=\"letter-spacing: 0.75px;\" data-fusion-font=\"true\">Sie besuchen den Unter\u00adricht Deutsch als Fremd\u00adsprache auf ihrem Niveau. Ab der 6. Klasse AHS, der 2nde<\/span><sup><span style=\"letter-spacing: 0.75px;\" data-fusion-font=\"true\"><\/span><\/sup><span style=\"letter-spacing: 0.75px;\" data-fusion-font=\"true\">, k\u00f6n\u00adnen sie das \u00d6SD (\u00ab <\/span><em><span style=\"letter-spacing: 0.75px;\" data-fusion-font=\"true\">\u00d6ster\u00adre\u00adichis\u00adches Sprachdiplom<\/span><\/em><span style=\"letter-spacing: 0.75px;\" data-fusion-font=\"true\">\u00bb), das au\u00dfer\u00adhalb der Schule organ\u00adisiert wird, able\u00adgen, wenn sie ein Studi\u00adum in \u00d6ster\u00adre\u00adich oder in einem anderen deutschsprachi\u00adgen Land anstreben.<\/span><\/li>\n<\/ul>\n<ul>\n<li style=\"text-align: justify;\"><span style=\"letter-spacing: 0.75px;\" data-fusion-font=\"true\">Sie k\u00f6n\u00adnen auf Wun\u00adsch am \u00f6ster\u00adre\u00adichis\u00adchen Unter\u00adricht teil\u00adnehmen, wenn eine der fol\u00adgen\u00adden Bedin\u00adgun\u00adgen zutrifft: Beherrschung der deutschen Sprache als Mut\u00adter\u00adsprache \/ nach pos\u00adi\u00adtiv abgelegtem Ein\u00adstu\u00adfung\u00adstest \/ auf\u00adgrund ein\u00ader Empfehlung ein\u00ader Lehrerkraft am LFV. Sie k\u00f6n\u00adnen dann Deutsch als Mut\u00adter\u00adsprache besuchen sowie ab der 1. Klasse AHS, CM2, das Fach \u00f6ster\u00adre\u00adichis\u00adche Geschichte\/Geographie. Auf schriftlichen Antrag ihrer Eltern k\u00f6n\u00adnen diese Sch\u00fcler entsprechend ihrer Kon\u00adfes\u00adsion ab der 1. Klasse Volkss\u00adchule, CP, auch einen der am LFV ange\u00adbote\u00adnen Reli\u00adgion\u00adsun\u00adter\u00adrichte bele\u00adgen: r\u00f6misch-katholisch, evan\u00adge\u00adlisch, j\u00fcdisch, islamisch (1.\u20134.VS, CP-CM1).<\/span><\/li>\n<\/ul>\n<p style=\"letter-spacing: 0.75px;\" data-fusion-font=\"true\"><\/p><div class=\"elegant-empty-space space-vertical fusion-clearfix \" style=\"height:10px;\"><\/div>\n<h4 style=\"text-align: justify; letter-spacing: 0.75px;\" data-fusion-font=\"true\">Die Matura: Abschlusspr\u00fcfung der Sekundarstufe in \u00d6sterreich<\/h4>\n<p style=\"text-align: justify;\"><b style=\"letter-spacing: 0.75px;\" data-fusion-font=\"true\">\u00d6ster\u00adre\u00adichis\u00adche Sch\u00fcler\/innen<\/b><span style=\"letter-spacing: 0.75px;\" data-fusion-font=\"true\"> leg\u00aden oblig\u00ada\u00adtorisch das Abitur und die Matu\u00adra&nbsp;ab.<\/span><\/p>\n<p style=\"text-align: justify;\"><strong style=\"letter-spacing: 0.75px;\" data-fusion-font=\"true\">Sch\u00fcler\/innen mit ein\u00ader anderen Staats\u00adb\u00fcrg\u00ader\u00adschaft <\/strong><span style=\"letter-spacing: 0.75px;\" data-fusion-font=\"true\">leg\u00aden das Bac\u00adcalau\u00adr\u00e9at ab. Wenn sie im \u00f6ster\u00adre\u00adichis\u00adchen Unter\u00adricht (Deutsch, Geschichte\/Geographie) eingeschrieben sind, k\u00f6n\u00adnen sie auch frei\u00adwillig zur Zusatz-Matu\u00adra antreten. Sie k\u00f6n\u00adnen in der Ter\u00admi\u00adnale anmelden.<\/span><\/p>\n<p style=\"letter-spacing: 0.75px;\" data-fusion-font=\"true\"><\/p><div class=\"elegant-empty-space space-vertical fusion-clearfix \" style=\"height:10px;\"><\/div>\n<p style=\"text-align: justify;\"><strong style=\"letter-spacing: 0.75px;\" data-fusion-font=\"true\">Ablauf der Matura<\/strong><\/p>\n<ul>\n<li>\n<div style=\"text-align: justify;\"><span style=\"letter-spacing: 0.75px; font-family: var(--body_typography-font-family); font-size: var(--body_typography-font-size); font-style: var(--body_typography-font-style,normal);\">\uf0d8 Das Kul\u00adtur\u00adabkom\u00admen zwis\u00adchen Frankre\u00adich und \u00d6ster\u00adre\u00adich legt die Modal\u00adit\u00e4ten zum Erwerb der Matu\u00adra fest. \u201cErg\u00e4nzende Pr\u00fc\u00adfun\u00adgen\u201d (eine schriftliche Pr\u00fc\u00adfung + zwei m\u00fcndliche Pr\u00fc\u00adfun\u00adgen) erm\u00f6glichen es den Sch\u00fcler\/innenn des Lyc\u00e9e Fran\u00e7ais de Vienne, das Diplom zu erlan\u00adgen. Sie sehen&nbsp;vor:<\/span><\/div>\n<ul>\n<li style=\"text-align: justify;\"><span style=\"letter-spacing: 0.75px;\" data-fusion-font=\"true\">in Deutsch als Mut\u00adter\u00adsprache: Eine schriftliche Pr\u00fc\u00adfung (Dauer: 5 Stun\u00adden) und eine m\u00fcndliche Pr\u00fc\u00adfung (Dauer: 10\u201315 Minuten; 20 Minuten Vorbereitungszeit)&nbsp;;<\/span><\/li>\n<li style=\"text-align: justify;\"><span style=\"letter-spacing: 0.75px;\" data-fusion-font=\"true\">in Deutsch als Mut\u00adter\u00adsprache: Eine m\u00fcndliche Pr\u00fc\u00adfung (Dauer: 10\u201315 Minuten; 20 Minuten Vor\u00adbere\u00aditungszeit); und\/oder :<\/span><\/li>\n<li style=\"text-align: justify;\"><span style=\"letter-spacing: 0.75px;\" data-fusion-font=\"true\">in \u00f6ster\u00adre\u00adichis\u00adch\u00ader Geschichte und\/oder in \u00f6ster\u00adre\u00adichis\u00adch\u00ader Geo\u00adgra\u00adphie eine m\u00fcndliche Pr\u00fc\u00adfung von 10 bis 15 Minuten Dauer (20 Minuten Vorbereitungszeit)<\/span><\/li>\n<\/ul>\n<\/li>\n<\/ul>\n<ul>\n<li>\n<div style=\"text-align: justify;\"><strong style=\"font-family: var(--body_typography-font-family); font-size: var(--body_typography-font-size); font-style: var(--body_typography-font-style,normal); letter-spacing: 0.75px;\" data-fusion-font=\"true\">Das \u00f6ster\u00adre\u00adichis\u00adche Zeug\u00adnis <\/strong><span style=\"font-family: var(--body_typography-font-family); font-size: var(--body_typography-font-size); font-style: var(--body_typography-font-style,normal); letter-spacing: 0.75px;\" data-fusion-font=\"true\">\u00fcber die Zusatz-Matu\u00adra ist unter fol\u00adgen\u00adden Bedin\u00adgun\u00adgen rechtsg\u00fcltig:&nbsp;<\/span><\/div>\n<ul>\n<li style=\"text-align: justify;\"><span style=\"letter-spacing: 0.75px;\" data-fusion-font=\"true\">ein erfol\u00adgre\u00adich abgelegtes Baccalaur\u00e9at;<\/span><\/li>\n<li style=\"text-align: justify;\"><span style=\"letter-spacing: 0.75px;\" data-fusion-font=\"true\">\u2022 alle Noten der Einzel\u00adpr\u00fc\u00adfun\u00adgen der Zusatz-Matu\u00adra sind positiv.<\/span><\/li>\n<\/ul>\n<\/li>\n<\/ul>\n<ul>\n<li style=\"text-align: justify;\"><strong style=\"letter-spacing: 0.75px;\" data-fusion-font=\"true\">Ein- und Umrech\u00adnung der Matu\u00adra- und Deutschnoten f\u00fcr das Bac\u00adcalau\u00adr\u00e9at :<\/strong><span style=\"letter-spacing: 0.75px;\" data-fusion-font=\"true\"> F\u00fcr das Bac\u00adcalau\u00adr\u00e9at wer\u00adden die \u00f6ster\u00adre\u00adichis\u00adchen Evaluierun\u00adgen \u2014 Matu\u00adra- und Deutschnoten der 7. (1\u00e8re) und 8. Klasse (Ter\u00admi\u00adnale) AHS \u2014 um- und ein\u00adgerech\u00adnet. Die Umrech\u00adnung der \u00f6ster\u00adre\u00adichis\u00adchen Noten in franz\u00f6\u00adsis\u00adche Noten erfol\u00adgt durch eine spezielle Har\u00admon\u00adisierungskom\u00admis\u00adsion. Die so erhal\u00adte\u00adnen Noten erset\u00adzen im franz\u00f6\u00adsis\u00adchen Bac\u00adcalau\u00adr\u00e9at die dort vorge\u00adse\u00adhenen Noten f\u00fcr \u201eDeutsch als Fremdsprache\u201c.<\/span><\/li>\n<\/ul>\n<\/div><div class=\"fusion-separator fusion-full-width-sep\" style=\"align-self: center;margin-left: auto;margin-right: auto;margin-bottom:35px;width:100%;\"><\/div><div class=\"elegant-empty-space space-vertical fusion-clearfix \" style=\"height:52px;\"><\/div><div class=\"fusion-text fusion-text-4\"><p style=\"text-align: right;\"><a href=\"https:\/\/lyceefrancais.at\/de\/sprachzertifizierungen\/\">Sprachz\u00ader\u00adti\u00adfizierun\u00adgen \u2192<\/a><\/p>\n<\/div><\/div><\/div><\/div><\/div><div class=\"fusion-fullwidth fullwidth-box fusion-builder-row-5 fusion-flex-container has-pattern-background has-mask-background nonhundred-percent-fullwidth non-hundred-percent-height-scrolling fusion-no-medium-visibility fusion-no-large-visibility\" style=\"--awb-border-radius-top-left:0px;--awb-border-radius-top-right:0px;--awb-border-radius-bottom-right:0px;--awb-border-radius-bottom-left:0px;--awb-padding-top:50px;--awb-padding-right:25px;--awb-padding-bottom:13px;--awb-padding-left:25px;--awb-margin-top:3px;--awb-margin-bottom:0px;--awb-flex-wrap:wrap;\"><div class=\"fusion-builder-row fusion-row fusion-flex-align-items-flex-start fusion-flex-justify-content-space-evenly fusion-flex-content-wrap\" style=\"max-width:1200px;margin-left: calc(-0% \/ 2 );margin-right: calc(-0% \/ 2 );\"><div class=\"fusion-layout-column fusion_builder_column fusion-builder-column-8 fusion_builder_column_1_1 1_1 fusion-flex-column\" style=\"--awb-bg-size:cover;--awb-width-large:100%;--awb-margin-top-large:0px;--awb-spacing-right-large:0%;--awb-margin-bottom-large:0px;--awb-spacing-left-large:0%;--awb-width-medium:100%;--awb-order-medium:0;--awb-spacing-right-medium:0%;--awb-spacing-left-medium:0%;--awb-width-small:100%;--awb-order-small:0;--awb-spacing-right-small:0%;--awb-spacing-left-small:0%;\"><div class=\"fusion-column-wrapper fusion-column-has-shadow fusion-flex-justify-content-flex-start fusion-content-layout-column\"><div class=\"fusion-separator fusion-full-width-sep\" style=\"align-self: center;margin-left: auto;margin-right: auto;width:100%;\"><div class=\"fusion-separator-border sep-double\" style=\"--awb-height:20px;--awb-amount:20px;border-color:#e0dede;border-top-width:1px;border-bottom-width:1px;\"><\/div><\/div><\/div><\/div><\/div><\/div>\n\n","protected":false},"excerpt":{"rendered":"","protected":false},"author":13,"featured_media":0,"parent":0,"menu_order":0,"comment_status":"closed","ping_status":"closed","template":"100-width.php","meta":{"_acf_changed":false,"inline_featured_image":false,"wp_typography_post_enhancements_disabled":false,"footnotes":""},"class_list":["post-5087","page","type-page","status-publish","hentry"],"acf":[],"yoast_head":"<!-- This site is optimized with the Yoast SEO plugin v26.1.1 - https:\/\/yoast.com\/wordpress\/plugins\/seo\/ -->\n<title>Deutsch als Muttersprache - lyceefrancais.at<\/title>\n<meta name=\"robots\" content=\"index, follow, max-snippet:-1, max-image-preview:large, max-video-preview:-1\" \/>\n<link rel=\"canonical\" href=\"https:\/\/lyceefrancais.at\/de\/deutsch-als-muttersprache\/\" \/>\n<meta property=\"og:locale\" content=\"de_DE\" \/>\n<meta property=\"og:type\" content=\"article\" \/>\n<meta property=\"og:title\" content=\"Deutsch als Muttersprache - lyceefrancais.at\" \/>\n<meta property=\"og:url\" content=\"https:\/\/lyceefrancais.at\/de\/deutsch-als-muttersprache\/\" \/>\n<meta property=\"og:site_name\" content=\"lyceefrancais.at\" \/>\n<meta property=\"article:modified_time\" content=\"2025-04-01T12:20:15+00:00\" \/>\n<meta name=\"twitter:card\" content=\"summary_large_image\" \/>\n<meta name=\"twitter:label1\" content=\"Gesch\u00e4tzte Lesezeit\" \/>\n\t<meta name=\"twitter:data1\" content=\"10\u00a0Minuten\" \/>\n<script type=\"application\/ld+json\" class=\"yoast-schema-graph\">{\"@context\":\"https:\/\/schema.org\",\"@graph\":[{\"@type\":\"WebPage\",\"@id\":\"https:\/\/lyceefrancais.at\/de\/deutsch-als-muttersprache\/\",\"url\":\"https:\/\/lyceefrancais.at\/de\/deutsch-als-muttersprache\/\",\"name\":\"Deutsch als Muttersprache - lyceefrancais.at\",\"isPartOf\":{\"@id\":\"https:\/\/lyceefrancais.at\/de\/#website\"},\"datePublished\":\"2021-11-29T14:45:10+00:00\",\"dateModified\":\"2025-04-01T12:20:15+00:00\",\"breadcrumb\":{\"@id\":\"https:\/\/lyceefrancais.at\/de\/deutsch-als-muttersprache\/#breadcrumb\"},\"inLanguage\":\"de\",\"potentialAction\":[{\"@type\":\"ReadAction\",\"target\":[\"https:\/\/lyceefrancais.at\/de\/deutsch-als-muttersprache\/\"]}]},{\"@type\":\"BreadcrumbList\",\"@id\":\"https:\/\/lyceefrancais.at\/de\/deutsch-als-muttersprache\/#breadcrumb\",\"itemListElement\":[{\"@type\":\"ListItem\",\"position\":1,\"name\":\"Startseite\",\"item\":\"https:\/\/lyceefrancais.at\/de\/\"},{\"@type\":\"ListItem\",\"position\":2,\"name\":\"Deutsch als Muttersprache\"}]},{\"@type\":\"WebSite\",\"@id\":\"https:\/\/lyceefrancais.at\/de\/#website\",\"url\":\"https:\/\/lyceefrancais.at\/de\/\",\"name\":\"lyceefrancais.at\",\"description\":\"Vienne\",\"potentialAction\":[{\"@type\":\"SearchAction\",\"target\":{\"@type\":\"EntryPoint\",\"urlTemplate\":\"https:\/\/lyceefrancais.at\/de\/?s={search_term_string}\"},\"query-input\":{\"@type\":\"PropertyValueSpecification\",\"valueRequired\":true,\"valueName\":\"search_term_string\"}}],\"inLanguage\":\"de\"}]}<\/script>\n<!-- \/ Yoast SEO plugin. -->","yoast_head_json":{"title":"Deutsch als Muttersprache - lyceefrancais.at","robots":{"index":"index","follow":"follow","max-snippet":"max-snippet:-1","max-image-preview":"max-image-preview:large","max-video-preview":"max-video-preview:-1"},"canonical":"https:\/\/lyceefrancais.at\/de\/deutsch-als-muttersprache\/","og_locale":"de_DE","og_type":"article","og_title":"Deutsch als Muttersprache - lyceefrancais.at","og_url":"https:\/\/lyceefrancais.at\/de\/deutsch-als-muttersprache\/","og_site_name":"lyceefrancais.at","article_modified_time":"2025-04-01T12:20:15+00:00","twitter_card":"summary_large_image","twitter_misc":{"Gesch\u00e4tzte Lesezeit":"10\u00a0Minuten"},"schema":{"@context":"https:\/\/schema.org","@graph":[{"@type":"WebPage","@id":"https:\/\/lyceefrancais.at\/de\/deutsch-als-muttersprache\/","url":"https:\/\/lyceefrancais.at\/de\/deutsch-als-muttersprache\/","name":"Deutsch als Muttersprache - lyceefrancais.at","isPartOf":{"@id":"https:\/\/lyceefrancais.at\/de\/#website"},"datePublished":"2021-11-29T14:45:10+00:00","dateModified":"2025-04-01T12:20:15+00:00","breadcrumb":{"@id":"https:\/\/lyceefrancais.at\/de\/deutsch-als-muttersprache\/#breadcrumb"},"inLanguage":"de","potentialAction":[{"@type":"ReadAction","target":["https:\/\/lyceefrancais.at\/de\/deutsch-als-muttersprache\/"]}]},{"@type":"BreadcrumbList","@id":"https:\/\/lyceefrancais.at\/de\/deutsch-als-muttersprache\/#breadcrumb","itemListElement":[{"@type":"ListItem","position":1,"name":"Startseite","item":"https:\/\/lyceefrancais.at\/de\/"},{"@type":"ListItem","position":2,"name":"Deutsch als Muttersprache"}]},{"@type":"WebSite","@id":"https:\/\/lyceefrancais.at\/de\/#website","url":"https:\/\/lyceefrancais.at\/de\/","name":"lyceefrancais.at","description":"Vienne","potentialAction":[{"@type":"SearchAction","target":{"@type":"EntryPoint","urlTemplate":"https:\/\/lyceefrancais.at\/de\/?s={search_term_string}"},"query-input":{"@type":"PropertyValueSpecification","valueRequired":true,"valueName":"search_term_string"}}],"inLanguage":"de"}]}},"_links":{"self":[{"href":"https:\/\/lyceefrancais.at\/de\/wp-json\/wp\/v2\/pages\/5087","targetHints":{"allow":["GET"]}}],"collection":[{"href":"https:\/\/lyceefrancais.at\/de\/wp-json\/wp\/v2\/pages"}],"about":[{"href":"https:\/\/lyceefrancais.at\/de\/wp-json\/wp\/v2\/types\/page"}],"author":[{"embeddable":true,"href":"https:\/\/lyceefrancais.at\/de\/wp-json\/wp\/v2\/users\/13"}],"replies":[{"embeddable":true,"href":"https:\/\/lyceefrancais.at\/de\/wp-json\/wp\/v2\/comments?post=5087"}],"version-history":[{"count":3,"href":"https:\/\/lyceefrancais.at\/de\/wp-json\/wp\/v2\/pages\/5087\/revisions"}],"predecessor-version":[{"id":7630,"href":"https:\/\/lyceefrancais.at\/de\/wp-json\/wp\/v2\/pages\/5087\/revisions\/7630"}],"wp:attachment":[{"href":"https:\/\/lyceefrancais.at\/de\/wp-json\/wp\/v2\/media?parent=5087"}],"curies":[{"name":"wp","href":"https:\/\/api.w.org\/{rel}","templated":true}]}}